{"id":7194,"date":"2020-01-20T16:57:44","date_gmt":"2020-01-20T16:57:44","guid":{"rendered":"https:\/\/revistaidees.cat\/autors\/miriam-cano\/"},"modified":"2020-01-29T14:51:28","modified_gmt":"2020-01-29T14:51:28","slug":"miriam-cano","status":"publish","type":"autors","link":"https:\/\/revistaidees.cat\/en\/autors\/miriam-cano\/","title":{"rendered":"M\u00edriam Cano"},"content":{"rendered":"\n<p>M\u00edriam Cano is a poet, author, translator, writing teacher and Humanities graduate. In 2013, she was awarded the Mart\u00ed Dot prize for poetry for her first book <em>Buntsandstein<\/em> (Viena Edicions). She also authored <em>They Burn the Skies<\/em> (<em>Cremen Cels<\/em>, LaBreu, 2017) \u2013co-written with Mart\u00ed Sales and Ant\u00f2nia Vicens\u2013 and the collection of poems <em>Anchorage<\/em> (<em>Ancoratge<\/em>, Ed. Terr\u00edcola, 2016). She regularly contributes to <em>Naci\u00f3 Digital, Catorze Cultura Viva, Gent Normal<\/em> and <em>Poetari <\/em>on cultural issues and as a literary and music critic. At present, she is the literary critic for the<em> Els Experts<\/em> programme on iCat radio and the <em>l\u2019Irradiador<\/em> programme on Catalunya R\u00e0dio.<\/p>\n","protected":false},"featured_media":3554,"template":"","category_autors":[],"class_list":["post-7194","autors","type-autors","status-publish","has-post-thumbnail","hentry"],"acf":[],"yoast_head":"<!-- This site is optimized with the Yoast SEO plugin v27.5 - https:\/\/yoast.com\/product\/yoast-seo-wordpress\/ -->\n<title>M\u00edriam Cano &#8211; IDEES<\/title>\n<meta name=\"robots\" content=\"index, follow, max-snippet:-1, max-image-preview:large, max-video-preview:-1\" \/>\n<link rel=\"canonical\" href=\"https:\/\/revistaidees.cat\/en\/autors\/miriam-cano\/\" \/>\n<meta property=\"og:locale\" content=\"en_US\" \/>\n<meta property=\"og:type\" content=\"article\" \/>\n<meta property=\"og:title\" content=\"M\u00edriam Cano &#8211; IDEES\" \/>\n<meta property=\"og:description\" content=\"M\u00edriam Cano is a poet, author, translator, writing teacher and Humanities graduate. In 2013, she was awarded the Mart\u00ed Dot prize for poetry for her first book Buntsandstein (Viena Edicions). She also authored They Burn the Skies (Cremen Cels, LaBreu, 2017) \u2013co-written with Mart\u00ed Sales and Ant\u00f2nia Vicens\u2013 and the collection of poems Anchorage (Ancoratge, Ed. Terr\u00edcola, 2016). She regularly contributes to Naci\u00f3 Digital, Catorze Cultura Viva, Gent Normal and Poetari on cultural issues and as a literary and music critic. At present, she is the literary critic for the Els Experts programme on iCat radio and the l\u2019Irradiador programme\u2026\" \/>\n<meta property=\"og:url\" content=\"https:\/\/revistaidees.cat\/en\/autors\/miriam-cano\/\" \/>\n<meta property=\"og:site_name\" content=\"IDEES\" \/>\n<meta property=\"article:modified_time\" content=\"2020-01-29T14:51:28+00:00\" \/>\n<meta property=\"og:image\" content=\"https:\/\/i0.wp.com\/revistaidees.cat\/wp-content\/uploads\/2020\/01\/def_Miriam_Cano.jpg?fit=1194%2C818&ssl=1\" \/>\n\t<meta property=\"og:image:width\" content=\"1194\" \/>\n\t<meta property=\"og:image:height\" content=\"818\" \/>\n\t<meta property=\"og:image:type\" content=\"image\/jpeg\" \/>\n<meta name=\"twitter:card\" content=\"summary_large_image\" \/>\n<meta name=\"twitter:label1\" content=\"Est. reading time\" \/>\n\t<meta name=\"twitter:data1\" content=\"1 minute\" \/>\n<script type=\"application\/ld+json\" class=\"yoast-schema-graph\">{\"@context\":\"https:\\\/\\\/schema.org\",\"@graph\":[{\"@type\":\"WebPage\",\"@id\":\"https:\\\/\\\/revistaidees.cat\\\/en\\\/autors\\\/miriam-cano\\\/\",\"url\":\"https:\\\/\\\/revistaidees.cat\\\/en\\\/autors\\\/miriam-cano\\\/\",\"name\":\"M\u00edriam Cano &#8211; IDEES\",\"isPartOf\":{\"@id\":\"https:\\\/\\\/revistaidees.cat\\\/#website\"},\"primaryImageOfPage\":{\"@id\":\"https:\\\/\\\/revistaidees.cat\\\/en\\\/autors\\\/miriam-cano\\\/#primaryimage\"},\"image\":{\"@id\":\"https:\\\/\\\/revistaidees.cat\\\/en\\\/autors\\\/miriam-cano\\\/#primaryimage\"},\"thumbnailUrl\":\"https:\\\/\\\/i0.wp.com\\\/revistaidees.cat\\\/wp-content\\\/uploads\\\/2020\\\/01\\\/def_Miriam_Cano.jpg?fit=1194%2C818&ssl=1\",\"datePublished\":\"2020-01-20T16:57:44+00:00\",\"dateModified\":\"2020-01-29T14:51:28+00:00\",\"breadcrumb\":{\"@id\":\"https:\\\/\\\/revistaidees.cat\\\/en\\\/autors\\\/miriam-cano\\\/#breadcrumb\"},\"inLanguage\":\"en-US\",\"potentialAction\":[{\"@type\":\"ReadAction\",\"target\":[\"https:\\\/\\\/revistaidees.cat\\\/en\\\/autors\\\/miriam-cano\\\/\"]}]},{\"@type\":\"ImageObject\",\"inLanguage\":\"en-US\",\"@id\":\"https:\\\/\\\/revistaidees.cat\\\/en\\\/autors\\\/miriam-cano\\\/#primaryimage\",\"url\":\"https:\\\/\\\/i0.wp.com\\\/revistaidees.cat\\\/wp-content\\\/uploads\\\/2020\\\/01\\\/def_Miriam_Cano.jpg?fit=1194%2C818&ssl=1\",\"contentUrl\":\"https:\\\/\\\/i0.wp.com\\\/revistaidees.cat\\\/wp-content\\\/uploads\\\/2020\\\/01\\\/def_Miriam_Cano.jpg?fit=1194%2C818&ssl=1\",\"width\":1194,\"height\":818,\"caption\":\"Miriam_Cano\"},{\"@type\":\"BreadcrumbList\",\"@id\":\"https:\\\/\\\/revistaidees.cat\\\/en\\\/autors\\\/miriam-cano\\\/#breadcrumb\",\"itemListElement\":[{\"@type\":\"ListItem\",\"position\":1,\"name\":\"Inici\",\"item\":\"https:\\\/\\\/revistaidees.cat\\\/en\\\/\"},{\"@type\":\"ListItem\",\"position\":2,\"name\":\"Autors\",\"item\":\"https:\\\/\\\/revistaidees.cat\\\/autors\\\/\"},{\"@type\":\"ListItem\",\"position\":3,\"name\":\"M\u00edriam Cano\"}]},{\"@type\":\"WebSite\",\"@id\":\"https:\\\/\\\/revistaidees.cat\\\/#website\",\"url\":\"https:\\\/\\\/revistaidees.cat\\\/\",\"name\":\"IDEES\",\"description\":\"Contemporary global issues\",\"potentialAction\":[{\"@type\":\"SearchAction\",\"target\":{\"@type\":\"EntryPoint\",\"urlTemplate\":\"https:\\\/\\\/revistaidees.cat\\\/?s={search_term_string}\"},\"query-input\":{\"@type\":\"PropertyValueSpecification\",\"valueRequired\":true,\"valueName\":\"search_term_string\"}}],\"inLanguage\":\"en-US\"}]}<\/script>\n<!-- \/ Yoast SEO plugin. -->","yoast_head_json":{"title":"M\u00edriam Cano &#8211; IDEES","robots":{"index":"index","follow":"follow","max-snippet":"max-snippet:-1","max-image-preview":"max-image-preview:large","max-video-preview":"max-video-preview:-1"},"canonical":"https:\/\/revistaidees.cat\/en\/autors\/miriam-cano\/","og_locale":"en_US","og_type":"article","og_title":"M\u00edriam Cano &#8211; IDEES","og_description":"M\u00edriam Cano is a poet, author, translator, writing teacher and Humanities graduate. In 2013, she was awarded the Mart\u00ed Dot prize for poetry for her first book Buntsandstein (Viena Edicions). She also authored They Burn the Skies (Cremen Cels, LaBreu, 2017) \u2013co-written with Mart\u00ed Sales and Ant\u00f2nia Vicens\u2013 and the collection of poems Anchorage (Ancoratge, Ed. Terr\u00edcola, 2016). She regularly contributes to Naci\u00f3 Digital, Catorze Cultura Viva, Gent Normal and Poetari on cultural issues and as a literary and music critic. At present, she is the literary critic for the Els Experts programme on iCat radio and the l\u2019Irradiador programme\u2026","og_url":"https:\/\/revistaidees.cat\/en\/autors\/miriam-cano\/","og_site_name":"IDEES","article_modified_time":"2020-01-29T14:51:28+00:00","og_image":[{"width":1194,"height":818,"url":"https:\/\/i0.wp.com\/revistaidees.cat\/wp-content\/uploads\/2020\/01\/def_Miriam_Cano.jpg?fit=1194%2C818&ssl=1","type":"image\/jpeg"}],"twitter_card":"summary_large_image","twitter_misc":{"Est. reading time":"1 minute"},"schema":{"@context":"https:\/\/schema.org","@graph":[{"@type":"WebPage","@id":"https:\/\/revistaidees.cat\/en\/autors\/miriam-cano\/","url":"https:\/\/revistaidees.cat\/en\/autors\/miriam-cano\/","name":"M\u00edriam Cano &#8211; IDEES","isPartOf":{"@id":"https:\/\/revistaidees.cat\/#website"},"primaryImageOfPage":{"@id":"https:\/\/revistaidees.cat\/en\/autors\/miriam-cano\/#primaryimage"},"image":{"@id":"https:\/\/revistaidees.cat\/en\/autors\/miriam-cano\/#primaryimage"},"thumbnailUrl":"https:\/\/i0.wp.com\/revistaidees.cat\/wp-content\/uploads\/2020\/01\/def_Miriam_Cano.jpg?fit=1194%2C818&ssl=1","datePublished":"2020-01-20T16:57:44+00:00","dateModified":"2020-01-29T14:51:28+00:00","breadcrumb":{"@id":"https:\/\/revistaidees.cat\/en\/autors\/miriam-cano\/#breadcrumb"},"inLanguage":"en-US","potentialAction":[{"@type":"ReadAction","target":["https:\/\/revistaidees.cat\/en\/autors\/miriam-cano\/"]}]},{"@type":"ImageObject","inLanguage":"en-US","@id":"https:\/\/revistaidees.cat\/en\/autors\/miriam-cano\/#primaryimage","url":"https:\/\/i0.wp.com\/revistaidees.cat\/wp-content\/uploads\/2020\/01\/def_Miriam_Cano.jpg?fit=1194%2C818&ssl=1","contentUrl":"https:\/\/i0.wp.com\/revistaidees.cat\/wp-content\/uploads\/2020\/01\/def_Miriam_Cano.jpg?fit=1194%2C818&ssl=1","width":1194,"height":818,"caption":"Miriam_Cano"},{"@type":"BreadcrumbList","@id":"https:\/\/revistaidees.cat\/en\/autors\/miriam-cano\/#breadcrumb","itemListElement":[{"@type":"ListItem","position":1,"name":"Inici","item":"https:\/\/revistaidees.cat\/en\/"},{"@type":"ListItem","position":2,"name":"Autors","item":"https:\/\/revistaidees.cat\/autors\/"},{"@type":"ListItem","position":3,"name":"M\u00edriam Cano"}]},{"@type":"WebSite","@id":"https:\/\/revistaidees.cat\/#website","url":"https:\/\/revistaidees.cat\/","name":"IDEES","description":"Contemporary global issues","potentialAction":[{"@type":"SearchAction","target":{"@type":"EntryPoint","urlTemplate":"https:\/\/revistaidees.cat\/?s={search_term_string}"},"query-input":{"@type":"PropertyValueSpecification","valueRequired":true,"valueName":"search_term_string"}}],"inLanguage":"en-US"}]}},"jetpack_sharing_enabled":true,"_links":{"self":[{"href":"https:\/\/revistaidees.cat\/en\/wp-json\/wp\/v2\/autors\/7194","targetHints":{"allow":["GET"]}}],"collection":[{"href":"https:\/\/revistaidees.cat\/en\/wp-json\/wp\/v2\/autors"}],"about":[{"href":"https:\/\/revistaidees.cat\/en\/wp-json\/wp\/v2\/types\/autors"}],"version-history":[{"count":1,"href":"https:\/\/revistaidees.cat\/en\/wp-json\/wp\/v2\/autors\/7194\/revisions"}],"predecessor-version":[{"id":7195,"href":"https:\/\/revistaidees.cat\/en\/wp-json\/wp\/v2\/autors\/7194\/revisions\/7195"}],"wp:featuredmedia":[{"embeddable":true,"href":"https:\/\/revistaidees.cat\/en\/wp-json\/wp\/v2\/media\/3554"}],"wp:attachment":[{"href":"https:\/\/revistaidees.cat\/en\/wp-json\/wp\/v2\/media?parent=7194"}],"wp:term":[{"taxonomy":"category_autors","embeddable":true,"href":"https:\/\/revistaidees.cat\/en\/wp-json\/wp\/v2\/category_autors?post=7194"}],"curies":[{"name":"wp","href":"https:\/\/api.w.org\/{rel}","templated":true}]}}