{"id":10281,"date":"2020-02-10T14:58:16","date_gmt":"2020-02-10T14:58:16","guid":{"rendered":"https:\/\/revistaidees.cat\/autors\/ramon-lopez-de-mantaras\/"},"modified":"2020-03-05T11:01:59","modified_gmt":"2020-03-05T11:01:59","slug":"ramon-lopez-de-mantaras","status":"publish","type":"autors","link":"https:\/\/revistaidees.cat\/es\/autors\/ramon-lopez-de-mantaras\/","title":{"rendered":"Ramon L\u00f3pez de M\u00e1ntaras"},"content":{"rendered":"\n<p>Ramon L\u00f3pez de M\u00e1ntaras es ingeniero, f\u00edsico y profesor de investigaci\u00f3n en el CSIC (Consejo Superior de Investigaciones Cient\u00edficas). Adem\u00e1s es doctor en F\u00edsica por la Universidad de Tolosa III (Francia), en Inform\u00e1tica por la Universidad Polit\u00e9cnica de Barcelona y Master of Science en Inform\u00e1tica por la Universidad de California-Berkeley (EE.UU.). Tambi\u00e9n fue Profesor Titular de la Facultat d&#8217;Inform\u00e0tica de Barcelona y Catedr\u00e1tico de la Universidad Pierre te Marie Curie de Par\u00eds. Se le considera uno de los pioneros de la Inteligencia Artificial en Espa\u00f1a. Ha sido Editor Jefe del <em>Artificial Intelligence Communications<\/em> y Editor Asociado del <em>Artificial Intelligence Journal<\/em>, dos de las revistas m\u00e1s prestigiosas en el campo de la IA. Ha sido destinatario de numerosos premios, como el <em>Premio Ciutat de Barcelona de Investigaci\u00f3n<\/em> de 1982, el <em>European Artificial Intelligence Research Award<\/em> en 1987 y el <em>2011 American Association of Artificial Intelligence (AAAI) Robert S. Engelmore Award<\/em>. Actualmente es miembro numerario del Institut d\u2019Estudis Catalans y miembro del ECCAI (Asociaci\u00f3n Europea de Inteligencia Artificial) desde el a\u00f1o 2000. Es uno de los coordinadores del #48 de la Revista IDEES.<\/p>\n","protected":false},"featured_media":9154,"template":"","category_autors":[],"class_list":["post-10281","autors","type-autors","status-publish","has-post-thumbnail","hentry"],"acf":[],"yoast_head":"<!-- This site is optimized with the Yoast SEO plugin v27.4 - https:\/\/yoast.com\/product\/yoast-seo-wordpress\/ -->\n<title>Ramon L\u00f3pez de M\u00e1ntaras &#8211; IDEES<\/title>\n<meta name=\"robots\" content=\"index, follow, max-snippet:-1, max-image-preview:large, max-video-preview:-1\" \/>\n<link rel=\"canonical\" href=\"https:\/\/revistaidees.cat\/es\/autors\/ramon-lopez-de-mantaras\/\" \/>\n<meta property=\"og:locale\" content=\"es_ES\" \/>\n<meta property=\"og:type\" content=\"article\" \/>\n<meta property=\"og:title\" content=\"Ramon L\u00f3pez de M\u00e1ntaras &#8211; IDEES\" \/>\n<meta property=\"og:description\" content=\"Ramon L\u00f3pez de M\u00e1ntaras es ingeniero, f\u00edsico y profesor de investigaci\u00f3n en el CSIC (Consejo Superior de Investigaciones Cient\u00edficas). Adem\u00e1s es doctor en F\u00edsica por la Universidad de Tolosa III (Francia), en Inform\u00e1tica por la Universidad Polit\u00e9cnica de Barcelona y Master of Science en Inform\u00e1tica por la Universidad de California-Berkeley (EE.UU.). Tambi\u00e9n fue Profesor Titular de la Facultat d&#8217;Inform\u00e0tica de Barcelona y Catedr\u00e1tico de la Universidad Pierre te Marie Curie de Par\u00eds. Se le considera uno de los pioneros de la Inteligencia Artificial en Espa\u00f1a. Ha sido Editor Jefe del Artificial Intelligence Communications y Editor Asociado del Artificial Intelligence Journal,\u2026\" \/>\n<meta property=\"og:url\" content=\"https:\/\/revistaidees.cat\/es\/autors\/ramon-lopez-de-mantaras\/\" \/>\n<meta property=\"og:site_name\" content=\"IDEES\" \/>\n<meta property=\"article:modified_time\" content=\"2020-03-05T11:01:59+00:00\" \/>\n<meta property=\"og:image\" content=\"https:\/\/i0.wp.com\/revistaidees.cat\/wp-content\/uploads\/2020\/02\/def_Ramon_Lopez_de_Mantaras.jpeg?fit=1000%2C739&ssl=1\" \/>\n\t<meta property=\"og:image:width\" content=\"1000\" \/>\n\t<meta property=\"og:image:height\" content=\"739\" \/>\n\t<meta property=\"og:image:type\" content=\"image\/jpeg\" \/>\n<meta name=\"twitter:card\" content=\"summary_large_image\" \/>\n<meta name=\"twitter:label1\" content=\"Tiempo de lectura\" \/>\n\t<meta name=\"twitter:data1\" content=\"1 minuto\" \/>\n<script type=\"application\/ld+json\" class=\"yoast-schema-graph\">{\"@context\":\"https:\\\/\\\/schema.org\",\"@graph\":[{\"@type\":\"WebPage\",\"@id\":\"https:\\\/\\\/revistaidees.cat\\\/es\\\/autors\\\/ramon-lopez-de-mantaras\\\/\",\"url\":\"https:\\\/\\\/revistaidees.cat\\\/es\\\/autors\\\/ramon-lopez-de-mantaras\\\/\",\"name\":\"Ramon L\u00f3pez de M\u00e1ntaras &#8211; IDEES\",\"isPartOf\":{\"@id\":\"https:\\\/\\\/revistaidees.cat\\\/#website\"},\"primaryImageOfPage\":{\"@id\":\"https:\\\/\\\/revistaidees.cat\\\/es\\\/autors\\\/ramon-lopez-de-mantaras\\\/#primaryimage\"},\"image\":{\"@id\":\"https:\\\/\\\/revistaidees.cat\\\/es\\\/autors\\\/ramon-lopez-de-mantaras\\\/#primaryimage\"},\"thumbnailUrl\":\"https:\\\/\\\/i0.wp.com\\\/revistaidees.cat\\\/wp-content\\\/uploads\\\/2020\\\/02\\\/def_Ramon_Lopez_de_Mantaras.jpeg?fit=1000%2C739&ssl=1\",\"datePublished\":\"2020-02-10T14:58:16+00:00\",\"dateModified\":\"2020-03-05T11:01:59+00:00\",\"breadcrumb\":{\"@id\":\"https:\\\/\\\/revistaidees.cat\\\/es\\\/autors\\\/ramon-lopez-de-mantaras\\\/#breadcrumb\"},\"inLanguage\":\"es\",\"potentialAction\":[{\"@type\":\"ReadAction\",\"target\":[\"https:\\\/\\\/revistaidees.cat\\\/es\\\/autors\\\/ramon-lopez-de-mantaras\\\/\"]}]},{\"@type\":\"ImageObject\",\"inLanguage\":\"es\",\"@id\":\"https:\\\/\\\/revistaidees.cat\\\/es\\\/autors\\\/ramon-lopez-de-mantaras\\\/#primaryimage\",\"url\":\"https:\\\/\\\/i0.wp.com\\\/revistaidees.cat\\\/wp-content\\\/uploads\\\/2020\\\/02\\\/def_Ramon_Lopez_de_Mantaras.jpeg?fit=1000%2C739&ssl=1\",\"contentUrl\":\"https:\\\/\\\/i0.wp.com\\\/revistaidees.cat\\\/wp-content\\\/uploads\\\/2020\\\/02\\\/def_Ramon_Lopez_de_Mantaras.jpeg?fit=1000%2C739&ssl=1\",\"width\":1000,\"height\":739,\"caption\":\"Ramon_Lopez_de_Mantaras\"},{\"@type\":\"BreadcrumbList\",\"@id\":\"https:\\\/\\\/revistaidees.cat\\\/es\\\/autors\\\/ramon-lopez-de-mantaras\\\/#breadcrumb\",\"itemListElement\":[{\"@type\":\"ListItem\",\"position\":1,\"name\":\"Inici\",\"item\":\"https:\\\/\\\/revistaidees.cat\\\/es\\\/\"},{\"@type\":\"ListItem\",\"position\":2,\"name\":\"Autors\",\"item\":\"https:\\\/\\\/revistaidees.cat\\\/autors\\\/\"},{\"@type\":\"ListItem\",\"position\":3,\"name\":\"Ramon L\u00f3pez de M\u00e1ntaras\"}]},{\"@type\":\"WebSite\",\"@id\":\"https:\\\/\\\/revistaidees.cat\\\/#website\",\"url\":\"https:\\\/\\\/revistaidees.cat\\\/\",\"name\":\"IDEES\",\"description\":\"Revista de temas contempor\u00e1neos\",\"potentialAction\":[{\"@type\":\"SearchAction\",\"target\":{\"@type\":\"EntryPoint\",\"urlTemplate\":\"https:\\\/\\\/revistaidees.cat\\\/?s={search_term_string}\"},\"query-input\":{\"@type\":\"PropertyValueSpecification\",\"valueRequired\":true,\"valueName\":\"search_term_string\"}}],\"inLanguage\":\"es\"}]}<\/script>\n<!-- \/ Yoast SEO plugin. -->","yoast_head_json":{"title":"Ramon L\u00f3pez de M\u00e1ntaras &#8211; IDEES","robots":{"index":"index","follow":"follow","max-snippet":"max-snippet:-1","max-image-preview":"max-image-preview:large","max-video-preview":"max-video-preview:-1"},"canonical":"https:\/\/revistaidees.cat\/es\/autors\/ramon-lopez-de-mantaras\/","og_locale":"es_ES","og_type":"article","og_title":"Ramon L\u00f3pez de M\u00e1ntaras &#8211; IDEES","og_description":"Ramon L\u00f3pez de M\u00e1ntaras es ingeniero, f\u00edsico y profesor de investigaci\u00f3n en el CSIC (Consejo Superior de Investigaciones Cient\u00edficas). Adem\u00e1s es doctor en F\u00edsica por la Universidad de Tolosa III (Francia), en Inform\u00e1tica por la Universidad Polit\u00e9cnica de Barcelona y Master of Science en Inform\u00e1tica por la Universidad de California-Berkeley (EE.UU.). Tambi\u00e9n fue Profesor Titular de la Facultat d&#8217;Inform\u00e0tica de Barcelona y Catedr\u00e1tico de la Universidad Pierre te Marie Curie de Par\u00eds. Se le considera uno de los pioneros de la Inteligencia Artificial en Espa\u00f1a. Ha sido Editor Jefe del Artificial Intelligence Communications y Editor Asociado del Artificial Intelligence Journal,\u2026","og_url":"https:\/\/revistaidees.cat\/es\/autors\/ramon-lopez-de-mantaras\/","og_site_name":"IDEES","article_modified_time":"2020-03-05T11:01:59+00:00","og_image":[{"width":1000,"height":739,"url":"https:\/\/i0.wp.com\/revistaidees.cat\/wp-content\/uploads\/2020\/02\/def_Ramon_Lopez_de_Mantaras.jpeg?fit=1000%2C739&ssl=1","type":"image\/jpeg"}],"twitter_card":"summary_large_image","twitter_misc":{"Tiempo de lectura":"1 minuto"},"schema":{"@context":"https:\/\/schema.org","@graph":[{"@type":"WebPage","@id":"https:\/\/revistaidees.cat\/es\/autors\/ramon-lopez-de-mantaras\/","url":"https:\/\/revistaidees.cat\/es\/autors\/ramon-lopez-de-mantaras\/","name":"Ramon L\u00f3pez de M\u00e1ntaras &#8211; IDEES","isPartOf":{"@id":"https:\/\/revistaidees.cat\/#website"},"primaryImageOfPage":{"@id":"https:\/\/revistaidees.cat\/es\/autors\/ramon-lopez-de-mantaras\/#primaryimage"},"image":{"@id":"https:\/\/revistaidees.cat\/es\/autors\/ramon-lopez-de-mantaras\/#primaryimage"},"thumbnailUrl":"https:\/\/i0.wp.com\/revistaidees.cat\/wp-content\/uploads\/2020\/02\/def_Ramon_Lopez_de_Mantaras.jpeg?fit=1000%2C739&ssl=1","datePublished":"2020-02-10T14:58:16+00:00","dateModified":"2020-03-05T11:01:59+00:00","breadcrumb":{"@id":"https:\/\/revistaidees.cat\/es\/autors\/ramon-lopez-de-mantaras\/#breadcrumb"},"inLanguage":"es","potentialAction":[{"@type":"ReadAction","target":["https:\/\/revistaidees.cat\/es\/autors\/ramon-lopez-de-mantaras\/"]}]},{"@type":"ImageObject","inLanguage":"es","@id":"https:\/\/revistaidees.cat\/es\/autors\/ramon-lopez-de-mantaras\/#primaryimage","url":"https:\/\/i0.wp.com\/revistaidees.cat\/wp-content\/uploads\/2020\/02\/def_Ramon_Lopez_de_Mantaras.jpeg?fit=1000%2C739&ssl=1","contentUrl":"https:\/\/i0.wp.com\/revistaidees.cat\/wp-content\/uploads\/2020\/02\/def_Ramon_Lopez_de_Mantaras.jpeg?fit=1000%2C739&ssl=1","width":1000,"height":739,"caption":"Ramon_Lopez_de_Mantaras"},{"@type":"BreadcrumbList","@id":"https:\/\/revistaidees.cat\/es\/autors\/ramon-lopez-de-mantaras\/#breadcrumb","itemListElement":[{"@type":"ListItem","position":1,"name":"Inici","item":"https:\/\/revistaidees.cat\/es\/"},{"@type":"ListItem","position":2,"name":"Autors","item":"https:\/\/revistaidees.cat\/autors\/"},{"@type":"ListItem","position":3,"name":"Ramon L\u00f3pez de M\u00e1ntaras"}]},{"@type":"WebSite","@id":"https:\/\/revistaidees.cat\/#website","url":"https:\/\/revistaidees.cat\/","name":"IDEES","description":"Revista de temas contempor\u00e1neos","potentialAction":[{"@type":"SearchAction","target":{"@type":"EntryPoint","urlTemplate":"https:\/\/revistaidees.cat\/?s={search_term_string}"},"query-input":{"@type":"PropertyValueSpecification","valueRequired":true,"valueName":"search_term_string"}}],"inLanguage":"es"}]}},"jetpack_sharing_enabled":true,"_links":{"self":[{"href":"https:\/\/revistaidees.cat\/es\/wp-json\/wp\/v2\/autors\/10281","targetHints":{"allow":["GET"]}}],"collection":[{"href":"https:\/\/revistaidees.cat\/es\/wp-json\/wp\/v2\/autors"}],"about":[{"href":"https:\/\/revistaidees.cat\/es\/wp-json\/wp\/v2\/types\/autors"}],"version-history":[{"count":1,"href":"https:\/\/revistaidees.cat\/es\/wp-json\/wp\/v2\/autors\/10281\/revisions"}],"predecessor-version":[{"id":10299,"href":"https:\/\/revistaidees.cat\/es\/wp-json\/wp\/v2\/autors\/10281\/revisions\/10299"}],"wp:featuredmedia":[{"embeddable":true,"href":"https:\/\/revistaidees.cat\/es\/wp-json\/wp\/v2\/media\/9154"}],"wp:attachment":[{"href":"https:\/\/revistaidees.cat\/es\/wp-json\/wp\/v2\/media?parent=10281"}],"wp:term":[{"taxonomy":"category_autors","embeddable":true,"href":"https:\/\/revistaidees.cat\/es\/wp-json\/wp\/v2\/category_autors?post=10281"}],"curies":[{"name":"wp","href":"https:\/\/api.w.org\/{rel}","templated":true}]}}