{"id":11101,"date":"2020-01-09T16:21:56","date_gmt":"2020-01-09T16:21:56","guid":{"rendered":"https:\/\/revistaidees.cat\/autors\/karina-fulladosa-leal\/"},"modified":"2020-03-12T10:34:49","modified_gmt":"2020-03-12T10:34:49","slug":"karina-fulladosa-leal","status":"publish","type":"autors","link":"https:\/\/revistaidees.cat\/es\/autors\/karina-fulladosa-leal\/","title":{"rendered":"Karina Fulladosa-Leal"},"content":{"rendered":"\n<p>Karina Fulladosa-Leal es activista en Sindihogar (sindicato de trabajadoras del hogar y el cuidado) desde el a\u00f1o 2011. Adem\u00e1s, es doctora en Psicolog\u00eda Social por la Universidad Aut\u00f3noma de Barcelona y colaboradora en la gesti\u00f3n de proyectos en la Bonne, Centro de Cultura de Mujeres Francesca Bonnemaison. Es parte del grupo de investigaci\u00f3n Fractalidades en Investigaci\u00f3n Cr\u00edtica (FIC) de la UAB.<\/p>\n","protected":false},"featured_media":2768,"template":"","category_autors":[],"class_list":["post-11101","autors","type-autors","status-publish","has-post-thumbnail","hentry"],"acf":[],"yoast_head":"<!-- This site is optimized with the Yoast SEO plugin v27.5 - https:\/\/yoast.com\/product\/yoast-seo-wordpress\/ -->\n<title>Karina Fulladosa-Leal &#8211; IDEES<\/title>\n<meta name=\"robots\" content=\"index, follow, max-snippet:-1, max-image-preview:large, max-video-preview:-1\" \/>\n<link rel=\"canonical\" href=\"https:\/\/revistaidees.cat\/es\/autors\/karina-fulladosa-leal\/\" \/>\n<meta property=\"og:locale\" content=\"es_ES\" \/>\n<meta property=\"og:type\" content=\"article\" \/>\n<meta property=\"og:title\" content=\"Karina Fulladosa-Leal &#8211; IDEES\" \/>\n<meta property=\"og:description\" content=\"Karina Fulladosa-Leal es activista en Sindihogar (sindicato de trabajadoras del hogar y el cuidado) desde el a\u00f1o 2011. Adem\u00e1s, es doctora en Psicolog\u00eda Social por la Universidad Aut\u00f3noma de Barcelona y colaboradora en la gesti\u00f3n de proyectos en la Bonne, Centro de Cultura de Mujeres Francesca Bonnemaison. Es parte del grupo de investigaci\u00f3n Fractalidades en Investigaci\u00f3n Cr\u00edtica (FIC) de la UAB.\" \/>\n<meta property=\"og:url\" content=\"https:\/\/revistaidees.cat\/es\/autors\/karina-fulladosa-leal\/\" \/>\n<meta property=\"og:site_name\" content=\"IDEES\" \/>\n<meta property=\"article:modified_time\" content=\"2020-03-12T10:34:49+00:00\" \/>\n<meta property=\"og:image\" content=\"https:\/\/i0.wp.com\/revistaidees.cat\/wp-content\/uploads\/2020\/01\/def_Karina_Fulladosa_Leal.jpg?fit=662%2C501&ssl=1\" \/>\n\t<meta property=\"og:image:width\" content=\"662\" \/>\n\t<meta property=\"og:image:height\" content=\"501\" \/>\n\t<meta property=\"og:image:type\" content=\"image\/jpeg\" \/>\n<meta name=\"twitter:card\" content=\"summary_large_image\" \/>\n<script type=\"application\/ld+json\" class=\"yoast-schema-graph\">{\"@context\":\"https:\\\/\\\/schema.org\",\"@graph\":[{\"@type\":\"WebPage\",\"@id\":\"https:\\\/\\\/revistaidees.cat\\\/es\\\/autors\\\/karina-fulladosa-leal\\\/\",\"url\":\"https:\\\/\\\/revistaidees.cat\\\/es\\\/autors\\\/karina-fulladosa-leal\\\/\",\"name\":\"Karina Fulladosa-Leal &#8211; IDEES\",\"isPartOf\":{\"@id\":\"https:\\\/\\\/revistaidees.cat\\\/#website\"},\"primaryImageOfPage\":{\"@id\":\"https:\\\/\\\/revistaidees.cat\\\/es\\\/autors\\\/karina-fulladosa-leal\\\/#primaryimage\"},\"image\":{\"@id\":\"https:\\\/\\\/revistaidees.cat\\\/es\\\/autors\\\/karina-fulladosa-leal\\\/#primaryimage\"},\"thumbnailUrl\":\"https:\\\/\\\/i0.wp.com\\\/revistaidees.cat\\\/wp-content\\\/uploads\\\/2020\\\/01\\\/def_Karina_Fulladosa_Leal.jpg?fit=662%2C501&ssl=1\",\"datePublished\":\"2020-01-09T16:21:56+00:00\",\"dateModified\":\"2020-03-12T10:34:49+00:00\",\"breadcrumb\":{\"@id\":\"https:\\\/\\\/revistaidees.cat\\\/es\\\/autors\\\/karina-fulladosa-leal\\\/#breadcrumb\"},\"inLanguage\":\"es\",\"potentialAction\":[{\"@type\":\"ReadAction\",\"target\":[\"https:\\\/\\\/revistaidees.cat\\\/es\\\/autors\\\/karina-fulladosa-leal\\\/\"]}]},{\"@type\":\"ImageObject\",\"inLanguage\":\"es\",\"@id\":\"https:\\\/\\\/revistaidees.cat\\\/es\\\/autors\\\/karina-fulladosa-leal\\\/#primaryimage\",\"url\":\"https:\\\/\\\/i0.wp.com\\\/revistaidees.cat\\\/wp-content\\\/uploads\\\/2020\\\/01\\\/def_Karina_Fulladosa_Leal.jpg?fit=662%2C501&ssl=1\",\"contentUrl\":\"https:\\\/\\\/i0.wp.com\\\/revistaidees.cat\\\/wp-content\\\/uploads\\\/2020\\\/01\\\/def_Karina_Fulladosa_Leal.jpg?fit=662%2C501&ssl=1\",\"width\":662,\"height\":501,\"caption\":\"Karina_Fulladosa_Leal\"},{\"@type\":\"BreadcrumbList\",\"@id\":\"https:\\\/\\\/revistaidees.cat\\\/es\\\/autors\\\/karina-fulladosa-leal\\\/#breadcrumb\",\"itemListElement\":[{\"@type\":\"ListItem\",\"position\":1,\"name\":\"Inici\",\"item\":\"https:\\\/\\\/revistaidees.cat\\\/es\\\/\"},{\"@type\":\"ListItem\",\"position\":2,\"name\":\"Autors\",\"item\":\"https:\\\/\\\/revistaidees.cat\\\/autors\\\/\"},{\"@type\":\"ListItem\",\"position\":3,\"name\":\"Karina Fulladosa-Leal\"}]},{\"@type\":\"WebSite\",\"@id\":\"https:\\\/\\\/revistaidees.cat\\\/#website\",\"url\":\"https:\\\/\\\/revistaidees.cat\\\/\",\"name\":\"IDEES\",\"description\":\"Revista de temas contempor\u00e1neos\",\"potentialAction\":[{\"@type\":\"SearchAction\",\"target\":{\"@type\":\"EntryPoint\",\"urlTemplate\":\"https:\\\/\\\/revistaidees.cat\\\/?s={search_term_string}\"},\"query-input\":{\"@type\":\"PropertyValueSpecification\",\"valueRequired\":true,\"valueName\":\"search_term_string\"}}],\"inLanguage\":\"es\"}]}<\/script>\n<!-- \/ Yoast SEO plugin. -->","yoast_head_json":{"title":"Karina Fulladosa-Leal &#8211; IDEES","robots":{"index":"index","follow":"follow","max-snippet":"max-snippet:-1","max-image-preview":"max-image-preview:large","max-video-preview":"max-video-preview:-1"},"canonical":"https:\/\/revistaidees.cat\/es\/autors\/karina-fulladosa-leal\/","og_locale":"es_ES","og_type":"article","og_title":"Karina Fulladosa-Leal &#8211; IDEES","og_description":"Karina Fulladosa-Leal es activista en Sindihogar (sindicato de trabajadoras del hogar y el cuidado) desde el a\u00f1o 2011. Adem\u00e1s, es doctora en Psicolog\u00eda Social por la Universidad Aut\u00f3noma de Barcelona y colaboradora en la gesti\u00f3n de proyectos en la Bonne, Centro de Cultura de Mujeres Francesca Bonnemaison. Es parte del grupo de investigaci\u00f3n Fractalidades en Investigaci\u00f3n Cr\u00edtica (FIC) de la UAB.","og_url":"https:\/\/revistaidees.cat\/es\/autors\/karina-fulladosa-leal\/","og_site_name":"IDEES","article_modified_time":"2020-03-12T10:34:49+00:00","og_image":[{"width":662,"height":501,"url":"https:\/\/i0.wp.com\/revistaidees.cat\/wp-content\/uploads\/2020\/01\/def_Karina_Fulladosa_Leal.jpg?fit=662%2C501&ssl=1","type":"image\/jpeg"}],"twitter_card":"summary_large_image","schema":{"@context":"https:\/\/schema.org","@graph":[{"@type":"WebPage","@id":"https:\/\/revistaidees.cat\/es\/autors\/karina-fulladosa-leal\/","url":"https:\/\/revistaidees.cat\/es\/autors\/karina-fulladosa-leal\/","name":"Karina Fulladosa-Leal &#8211; IDEES","isPartOf":{"@id":"https:\/\/revistaidees.cat\/#website"},"primaryImageOfPage":{"@id":"https:\/\/revistaidees.cat\/es\/autors\/karina-fulladosa-leal\/#primaryimage"},"image":{"@id":"https:\/\/revistaidees.cat\/es\/autors\/karina-fulladosa-leal\/#primaryimage"},"thumbnailUrl":"https:\/\/i0.wp.com\/revistaidees.cat\/wp-content\/uploads\/2020\/01\/def_Karina_Fulladosa_Leal.jpg?fit=662%2C501&ssl=1","datePublished":"2020-01-09T16:21:56+00:00","dateModified":"2020-03-12T10:34:49+00:00","breadcrumb":{"@id":"https:\/\/revistaidees.cat\/es\/autors\/karina-fulladosa-leal\/#breadcrumb"},"inLanguage":"es","potentialAction":[{"@type":"ReadAction","target":["https:\/\/revistaidees.cat\/es\/autors\/karina-fulladosa-leal\/"]}]},{"@type":"ImageObject","inLanguage":"es","@id":"https:\/\/revistaidees.cat\/es\/autors\/karina-fulladosa-leal\/#primaryimage","url":"https:\/\/i0.wp.com\/revistaidees.cat\/wp-content\/uploads\/2020\/01\/def_Karina_Fulladosa_Leal.jpg?fit=662%2C501&ssl=1","contentUrl":"https:\/\/i0.wp.com\/revistaidees.cat\/wp-content\/uploads\/2020\/01\/def_Karina_Fulladosa_Leal.jpg?fit=662%2C501&ssl=1","width":662,"height":501,"caption":"Karina_Fulladosa_Leal"},{"@type":"BreadcrumbList","@id":"https:\/\/revistaidees.cat\/es\/autors\/karina-fulladosa-leal\/#breadcrumb","itemListElement":[{"@type":"ListItem","position":1,"name":"Inici","item":"https:\/\/revistaidees.cat\/es\/"},{"@type":"ListItem","position":2,"name":"Autors","item":"https:\/\/revistaidees.cat\/autors\/"},{"@type":"ListItem","position":3,"name":"Karina Fulladosa-Leal"}]},{"@type":"WebSite","@id":"https:\/\/revistaidees.cat\/#website","url":"https:\/\/revistaidees.cat\/","name":"IDEES","description":"Revista de temas contempor\u00e1neos","potentialAction":[{"@type":"SearchAction","target":{"@type":"EntryPoint","urlTemplate":"https:\/\/revistaidees.cat\/?s={search_term_string}"},"query-input":{"@type":"PropertyValueSpecification","valueRequired":true,"valueName":"search_term_string"}}],"inLanguage":"es"}]}},"jetpack_sharing_enabled":true,"_links":{"self":[{"href":"https:\/\/revistaidees.cat\/es\/wp-json\/wp\/v2\/autors\/11101","targetHints":{"allow":["GET"]}}],"collection":[{"href":"https:\/\/revistaidees.cat\/es\/wp-json\/wp\/v2\/autors"}],"about":[{"href":"https:\/\/revistaidees.cat\/es\/wp-json\/wp\/v2\/types\/autors"}],"version-history":[{"count":1,"href":"https:\/\/revistaidees.cat\/es\/wp-json\/wp\/v2\/autors\/11101\/revisions"}],"predecessor-version":[{"id":11102,"href":"https:\/\/revistaidees.cat\/es\/wp-json\/wp\/v2\/autors\/11101\/revisions\/11102"}],"wp:featuredmedia":[{"embeddable":true,"href":"https:\/\/revistaidees.cat\/es\/wp-json\/wp\/v2\/media\/2768"}],"wp:attachment":[{"href":"https:\/\/revistaidees.cat\/es\/wp-json\/wp\/v2\/media?parent=11101"}],"wp:term":[{"taxonomy":"category_autors","embeddable":true,"href":"https:\/\/revistaidees.cat\/es\/wp-json\/wp\/v2\/category_autors?post=11101"}],"curies":[{"name":"wp","href":"https:\/\/api.w.org\/{rel}","templated":true}]}}