{"id":11114,"date":"2020-01-09T17:19:32","date_gmt":"2020-01-09T17:19:32","guid":{"rendered":"https:\/\/revistaidees.cat\/autors\/sara-cuentas\/"},"modified":"2020-03-12T10:49:26","modified_gmt":"2020-03-12T10:49:26","slug":"sara-cuentas","status":"publish","type":"autors","link":"https:\/\/revistaidees.cat\/es\/autors\/sara-cuentas\/","title":{"rendered":"Sara Cuentas"},"content":{"rendered":"\n<p>Sara Cuentas es periodista e investigadora social desde una perspectiva feminista descolonial. Es experta en\u00a0g\u00e9nero, interseccionalidad y derechos humanos. Ha trabajado para diferentes\u00a0organismos p\u00fablicos en Am\u00e9rica Latina en relaci\u00f3n a pol\u00edticas y programas para poblaciones en situaci\u00f3n de exclusi\u00f3n y empobrecimiento. Es colaboradora de El Pa\u00eds-Planeta Futuro. Entre sus publicaciones m\u00e1s recientes, se encuentra el art\u00edculo\u00a0\u00abLa verdad est\u00e1 en nuestros cuerpos. Secuelas de una opresi\u00f3n reproductiva\u00bb. Tambi\u00e9n es autora de la metodolog\u00eda\u00a0<em>An\u00e1lisis Interseccional para el Cambio<\/em>,\u00a0centrada\u00a0en fortalecer las autonom\u00edas y el bienestar social y emocional.<\/p>\n","protected":false},"featured_media":2804,"template":"","category_autors":[],"class_list":["post-11114","autors","type-autors","status-publish","has-post-thumbnail","hentry"],"acf":[],"yoast_head":"<!-- This site is optimized with the Yoast SEO plugin v27.4 - https:\/\/yoast.com\/product\/yoast-seo-wordpress\/ -->\n<title>Sara Cuentas &#8211; IDEES<\/title>\n<meta name=\"robots\" content=\"index, follow, max-snippet:-1, max-image-preview:large, max-video-preview:-1\" \/>\n<link rel=\"canonical\" href=\"https:\/\/revistaidees.cat\/es\/autors\/sara-cuentas\/\" \/>\n<meta property=\"og:locale\" content=\"es_ES\" \/>\n<meta property=\"og:type\" content=\"article\" \/>\n<meta property=\"og:title\" content=\"Sara Cuentas &#8211; IDEES\" \/>\n<meta property=\"og:description\" content=\"Sara Cuentas es periodista e investigadora social desde una perspectiva feminista descolonial. Es experta en\u00a0g\u00e9nero, interseccionalidad y derechos humanos. Ha trabajado para diferentes\u00a0organismos p\u00fablicos en Am\u00e9rica Latina en relaci\u00f3n a pol\u00edticas y programas para poblaciones en situaci\u00f3n de exclusi\u00f3n y empobrecimiento. Es colaboradora de El Pa\u00eds-Planeta Futuro. Entre sus publicaciones m\u00e1s recientes, se encuentra el art\u00edculo\u00a0\u00abLa verdad est\u00e1 en nuestros cuerpos. Secuelas de una opresi\u00f3n reproductiva\u00bb. Tambi\u00e9n es autora de la metodolog\u00eda\u00a0An\u00e1lisis Interseccional para el Cambio,\u00a0centrada\u00a0en fortalecer las autonom\u00edas y el bienestar social y emocional.\" \/>\n<meta property=\"og:url\" content=\"https:\/\/revistaidees.cat\/es\/autors\/sara-cuentas\/\" \/>\n<meta property=\"og:site_name\" content=\"IDEES\" \/>\n<meta property=\"article:modified_time\" content=\"2020-03-12T10:49:26+00:00\" \/>\n<meta property=\"og:image\" content=\"https:\/\/i0.wp.com\/revistaidees.cat\/wp-content\/uploads\/2020\/01\/def_Sara_Cuentas.jpg?fit=1932%2C1422&ssl=1\" \/>\n\t<meta property=\"og:image:width\" content=\"1932\" \/>\n\t<meta property=\"og:image:height\" content=\"1422\" \/>\n\t<meta property=\"og:image:type\" content=\"image\/jpeg\" \/>\n<meta name=\"twitter:card\" content=\"summary_large_image\" \/>\n<meta name=\"twitter:label1\" content=\"Tiempo de lectura\" \/>\n\t<meta name=\"twitter:data1\" content=\"1 minuto\" \/>\n<script type=\"application\/ld+json\" class=\"yoast-schema-graph\">{\"@context\":\"https:\\\/\\\/schema.org\",\"@graph\":[{\"@type\":\"WebPage\",\"@id\":\"https:\\\/\\\/revistaidees.cat\\\/es\\\/autors\\\/sara-cuentas\\\/\",\"url\":\"https:\\\/\\\/revistaidees.cat\\\/es\\\/autors\\\/sara-cuentas\\\/\",\"name\":\"Sara Cuentas &#8211; IDEES\",\"isPartOf\":{\"@id\":\"https:\\\/\\\/revistaidees.cat\\\/#website\"},\"primaryImageOfPage\":{\"@id\":\"https:\\\/\\\/revistaidees.cat\\\/es\\\/autors\\\/sara-cuentas\\\/#primaryimage\"},\"image\":{\"@id\":\"https:\\\/\\\/revistaidees.cat\\\/es\\\/autors\\\/sara-cuentas\\\/#primaryimage\"},\"thumbnailUrl\":\"https:\\\/\\\/i0.wp.com\\\/revistaidees.cat\\\/wp-content\\\/uploads\\\/2020\\\/01\\\/def_Sara_Cuentas.jpg?fit=1932%2C1422&ssl=1\",\"datePublished\":\"2020-01-09T17:19:32+00:00\",\"dateModified\":\"2020-03-12T10:49:26+00:00\",\"breadcrumb\":{\"@id\":\"https:\\\/\\\/revistaidees.cat\\\/es\\\/autors\\\/sara-cuentas\\\/#breadcrumb\"},\"inLanguage\":\"es\",\"potentialAction\":[{\"@type\":\"ReadAction\",\"target\":[\"https:\\\/\\\/revistaidees.cat\\\/es\\\/autors\\\/sara-cuentas\\\/\"]}]},{\"@type\":\"ImageObject\",\"inLanguage\":\"es\",\"@id\":\"https:\\\/\\\/revistaidees.cat\\\/es\\\/autors\\\/sara-cuentas\\\/#primaryimage\",\"url\":\"https:\\\/\\\/i0.wp.com\\\/revistaidees.cat\\\/wp-content\\\/uploads\\\/2020\\\/01\\\/def_Sara_Cuentas.jpg?fit=1932%2C1422&ssl=1\",\"contentUrl\":\"https:\\\/\\\/i0.wp.com\\\/revistaidees.cat\\\/wp-content\\\/uploads\\\/2020\\\/01\\\/def_Sara_Cuentas.jpg?fit=1932%2C1422&ssl=1\",\"width\":1932,\"height\":1422,\"caption\":\"Sara_Cuentas\"},{\"@type\":\"BreadcrumbList\",\"@id\":\"https:\\\/\\\/revistaidees.cat\\\/es\\\/autors\\\/sara-cuentas\\\/#breadcrumb\",\"itemListElement\":[{\"@type\":\"ListItem\",\"position\":1,\"name\":\"Inici\",\"item\":\"https:\\\/\\\/revistaidees.cat\\\/es\\\/\"},{\"@type\":\"ListItem\",\"position\":2,\"name\":\"Autors\",\"item\":\"https:\\\/\\\/revistaidees.cat\\\/autors\\\/\"},{\"@type\":\"ListItem\",\"position\":3,\"name\":\"Sara Cuentas\"}]},{\"@type\":\"WebSite\",\"@id\":\"https:\\\/\\\/revistaidees.cat\\\/#website\",\"url\":\"https:\\\/\\\/revistaidees.cat\\\/\",\"name\":\"IDEES\",\"description\":\"Revista de temas contempor\u00e1neos\",\"potentialAction\":[{\"@type\":\"SearchAction\",\"target\":{\"@type\":\"EntryPoint\",\"urlTemplate\":\"https:\\\/\\\/revistaidees.cat\\\/?s={search_term_string}\"},\"query-input\":{\"@type\":\"PropertyValueSpecification\",\"valueRequired\":true,\"valueName\":\"search_term_string\"}}],\"inLanguage\":\"es\"}]}<\/script>\n<!-- \/ Yoast SEO plugin. -->","yoast_head_json":{"title":"Sara Cuentas &#8211; IDEES","robots":{"index":"index","follow":"follow","max-snippet":"max-snippet:-1","max-image-preview":"max-image-preview:large","max-video-preview":"max-video-preview:-1"},"canonical":"https:\/\/revistaidees.cat\/es\/autors\/sara-cuentas\/","og_locale":"es_ES","og_type":"article","og_title":"Sara Cuentas &#8211; IDEES","og_description":"Sara Cuentas es periodista e investigadora social desde una perspectiva feminista descolonial. Es experta en\u00a0g\u00e9nero, interseccionalidad y derechos humanos. Ha trabajado para diferentes\u00a0organismos p\u00fablicos en Am\u00e9rica Latina en relaci\u00f3n a pol\u00edticas y programas para poblaciones en situaci\u00f3n de exclusi\u00f3n y empobrecimiento. Es colaboradora de El Pa\u00eds-Planeta Futuro. Entre sus publicaciones m\u00e1s recientes, se encuentra el art\u00edculo\u00a0\u00abLa verdad est\u00e1 en nuestros cuerpos. Secuelas de una opresi\u00f3n reproductiva\u00bb. Tambi\u00e9n es autora de la metodolog\u00eda\u00a0An\u00e1lisis Interseccional para el Cambio,\u00a0centrada\u00a0en fortalecer las autonom\u00edas y el bienestar social y emocional.","og_url":"https:\/\/revistaidees.cat\/es\/autors\/sara-cuentas\/","og_site_name":"IDEES","article_modified_time":"2020-03-12T10:49:26+00:00","og_image":[{"width":1932,"height":1422,"url":"https:\/\/i0.wp.com\/revistaidees.cat\/wp-content\/uploads\/2020\/01\/def_Sara_Cuentas.jpg?fit=1932%2C1422&ssl=1","type":"image\/jpeg"}],"twitter_card":"summary_large_image","twitter_misc":{"Tiempo de lectura":"1 minuto"},"schema":{"@context":"https:\/\/schema.org","@graph":[{"@type":"WebPage","@id":"https:\/\/revistaidees.cat\/es\/autors\/sara-cuentas\/","url":"https:\/\/revistaidees.cat\/es\/autors\/sara-cuentas\/","name":"Sara Cuentas &#8211; IDEES","isPartOf":{"@id":"https:\/\/revistaidees.cat\/#website"},"primaryImageOfPage":{"@id":"https:\/\/revistaidees.cat\/es\/autors\/sara-cuentas\/#primaryimage"},"image":{"@id":"https:\/\/revistaidees.cat\/es\/autors\/sara-cuentas\/#primaryimage"},"thumbnailUrl":"https:\/\/i0.wp.com\/revistaidees.cat\/wp-content\/uploads\/2020\/01\/def_Sara_Cuentas.jpg?fit=1932%2C1422&ssl=1","datePublished":"2020-01-09T17:19:32+00:00","dateModified":"2020-03-12T10:49:26+00:00","breadcrumb":{"@id":"https:\/\/revistaidees.cat\/es\/autors\/sara-cuentas\/#breadcrumb"},"inLanguage":"es","potentialAction":[{"@type":"ReadAction","target":["https:\/\/revistaidees.cat\/es\/autors\/sara-cuentas\/"]}]},{"@type":"ImageObject","inLanguage":"es","@id":"https:\/\/revistaidees.cat\/es\/autors\/sara-cuentas\/#primaryimage","url":"https:\/\/i0.wp.com\/revistaidees.cat\/wp-content\/uploads\/2020\/01\/def_Sara_Cuentas.jpg?fit=1932%2C1422&ssl=1","contentUrl":"https:\/\/i0.wp.com\/revistaidees.cat\/wp-content\/uploads\/2020\/01\/def_Sara_Cuentas.jpg?fit=1932%2C1422&ssl=1","width":1932,"height":1422,"caption":"Sara_Cuentas"},{"@type":"BreadcrumbList","@id":"https:\/\/revistaidees.cat\/es\/autors\/sara-cuentas\/#breadcrumb","itemListElement":[{"@type":"ListItem","position":1,"name":"Inici","item":"https:\/\/revistaidees.cat\/es\/"},{"@type":"ListItem","position":2,"name":"Autors","item":"https:\/\/revistaidees.cat\/autors\/"},{"@type":"ListItem","position":3,"name":"Sara Cuentas"}]},{"@type":"WebSite","@id":"https:\/\/revistaidees.cat\/#website","url":"https:\/\/revistaidees.cat\/","name":"IDEES","description":"Revista de temas contempor\u00e1neos","potentialAction":[{"@type":"SearchAction","target":{"@type":"EntryPoint","urlTemplate":"https:\/\/revistaidees.cat\/?s={search_term_string}"},"query-input":{"@type":"PropertyValueSpecification","valueRequired":true,"valueName":"search_term_string"}}],"inLanguage":"es"}]}},"jetpack_sharing_enabled":true,"_links":{"self":[{"href":"https:\/\/revistaidees.cat\/es\/wp-json\/wp\/v2\/autors\/11114","targetHints":{"allow":["GET"]}}],"collection":[{"href":"https:\/\/revistaidees.cat\/es\/wp-json\/wp\/v2\/autors"}],"about":[{"href":"https:\/\/revistaidees.cat\/es\/wp-json\/wp\/v2\/types\/autors"}],"version-history":[{"count":1,"href":"https:\/\/revistaidees.cat\/es\/wp-json\/wp\/v2\/autors\/11114\/revisions"}],"predecessor-version":[{"id":11115,"href":"https:\/\/revistaidees.cat\/es\/wp-json\/wp\/v2\/autors\/11114\/revisions\/11115"}],"wp:featuredmedia":[{"embeddable":true,"href":"https:\/\/revistaidees.cat\/es\/wp-json\/wp\/v2\/media\/2804"}],"wp:attachment":[{"href":"https:\/\/revistaidees.cat\/es\/wp-json\/wp\/v2\/media?parent=11114"}],"wp:term":[{"taxonomy":"category_autors","embeddable":true,"href":"https:\/\/revistaidees.cat\/es\/wp-json\/wp\/v2\/category_autors?post=11114"}],"curies":[{"name":"wp","href":"https:\/\/api.w.org\/{rel}","templated":true}]}}