{"id":15898,"date":"2020-07-07T09:14:02","date_gmt":"2020-07-07T09:14:02","guid":{"rendered":"https:\/\/revistaidees.cat\/autors\/albert-noguera-fernandez\/"},"modified":"2020-07-30T19:34:06","modified_gmt":"2020-07-30T19:34:06","slug":"albert-noguera-fernandez","status":"publish","type":"autors","link":"https:\/\/revistaidees.cat\/es\/autors\/albert-noguera-fernandez\/","title":{"rendered":"Albert Noguera Fern\u00e1ndez"},"content":{"rendered":"\n<p>Albert Noguera Fern\u00e1ndez es jurista y polit\u00f3logo. Es profesor titular de Derecho Constitucional en la Universidad de Valencia y director de <em>Democr\u00e0cia +. Grup d\u2019investigaci\u00f3 sobre nou constitucionalisme i Poder Constituent<\/em>. Se ha especializado en procesos constituyentes y constitucionalismo en Am\u00e9rica Latina, donde ha vivido durante una d\u00e9cada. Doctor en Derecho por la Universidad de La Habana, ha sido profesor visitante en la Universidad Nacional Aut\u00f3noma de M\u00e9xico, en la Universidad Andina Sim\u00f3n Bol\u00edvar de Quito y en el centro de estudios latinoamericanos de la Universidad de Georgetown. Fue asesor de la Asamblea constituyente de Bolivia (2006-2008) y de la Presidencia de la Asamblea constituyente del Ecuador (2008). Es autor de m\u00e1s de cinco libros y 60 aportaciones en obras y revistas cient\u00edficas es\u00adpanyoles e internacionales sobre constitucionalismo latinoamericano, derechos sociales y procesos constituyentes. Tambi\u00e9n es miembro fundador del <em>Grupo Ruptura<\/em>, un espacio que aglutina profesoras y profesores de la izquierda transformadora, y colabora en medios de comunicaci\u00f3n como CTXT o El Diario. Recientemente, ha publicado el libro <em>La ideolog\u00eda de la soberan\u00eda. Hacia una reconstrucci\u00f3n emancipadora del constitucionalismo<\/em> (Ed. Trotta, 2019).<\/p>\n","protected":false},"featured_media":15709,"template":"","category_autors":[],"class_list":["post-15898","autors","type-autors","status-publish","has-post-thumbnail","hentry"],"acf":[],"yoast_head":"<!-- This site is optimized with the Yoast SEO plugin v27.4 - https:\/\/yoast.com\/product\/yoast-seo-wordpress\/ -->\n<title>Albert Noguera Fern\u00e1ndez &#8211; IDEES<\/title>\n<meta name=\"robots\" content=\"index, follow, max-snippet:-1, max-image-preview:large, max-video-preview:-1\" \/>\n<link rel=\"canonical\" href=\"https:\/\/revistaidees.cat\/es\/autors\/albert-noguera-fernandez\/\" \/>\n<meta property=\"og:locale\" content=\"es_ES\" \/>\n<meta property=\"og:type\" content=\"article\" \/>\n<meta property=\"og:title\" content=\"Albert Noguera Fern\u00e1ndez &#8211; IDEES\" \/>\n<meta property=\"og:description\" content=\"Albert Noguera Fern\u00e1ndez es jurista y polit\u00f3logo. Es profesor titular de Derecho Constitucional en la Universidad de Valencia y director de Democr\u00e0cia +. Grup d\u2019investigaci\u00f3 sobre nou constitucionalisme i Poder Constituent. Se ha especializado en procesos constituyentes y constitucionalismo en Am\u00e9rica Latina, donde ha vivido durante una d\u00e9cada. Doctor en Derecho por la Universidad de La Habana, ha sido profesor visitante en la Universidad Nacional Aut\u00f3noma de M\u00e9xico, en la Universidad Andina Sim\u00f3n Bol\u00edvar de Quito y en el centro de estudios latinoamericanos de la Universidad de Georgetown. Fue asesor de la Asamblea constituyente de Bolivia (2006-2008) y de la\u2026\" \/>\n<meta property=\"og:url\" content=\"https:\/\/revistaidees.cat\/es\/autors\/albert-noguera-fernandez\/\" \/>\n<meta property=\"og:site_name\" content=\"IDEES\" \/>\n<meta property=\"article:modified_time\" content=\"2020-07-30T19:34:06+00:00\" \/>\n<meta property=\"og:image\" content=\"https:\/\/i0.wp.com\/revistaidees.cat\/wp-content\/uploads\/2020\/07\/Albert-Noguera-def-def.jpg?fit=859%2C541&ssl=1\" \/>\n\t<meta property=\"og:image:width\" content=\"859\" \/>\n\t<meta property=\"og:image:height\" content=\"541\" \/>\n\t<meta property=\"og:image:type\" content=\"image\/jpeg\" \/>\n<meta name=\"twitter:card\" content=\"summary_large_image\" \/>\n<meta name=\"twitter:label1\" content=\"Tiempo de lectura\" \/>\n\t<meta name=\"twitter:data1\" content=\"1 minuto\" \/>\n<script type=\"application\/ld+json\" class=\"yoast-schema-graph\">{\"@context\":\"https:\\\/\\\/schema.org\",\"@graph\":[{\"@type\":\"WebPage\",\"@id\":\"https:\\\/\\\/revistaidees.cat\\\/es\\\/autors\\\/albert-noguera-fernandez\\\/\",\"url\":\"https:\\\/\\\/revistaidees.cat\\\/es\\\/autors\\\/albert-noguera-fernandez\\\/\",\"name\":\"Albert Noguera Fern\u00e1ndez &#8211; IDEES\",\"isPartOf\":{\"@id\":\"https:\\\/\\\/revistaidees.cat\\\/#website\"},\"primaryImageOfPage\":{\"@id\":\"https:\\\/\\\/revistaidees.cat\\\/es\\\/autors\\\/albert-noguera-fernandez\\\/#primaryimage\"},\"image\":{\"@id\":\"https:\\\/\\\/revistaidees.cat\\\/es\\\/autors\\\/albert-noguera-fernandez\\\/#primaryimage\"},\"thumbnailUrl\":\"https:\\\/\\\/i0.wp.com\\\/revistaidees.cat\\\/wp-content\\\/uploads\\\/2020\\\/07\\\/Albert-Noguera-def-def.jpg?fit=859%2C541&ssl=1\",\"datePublished\":\"2020-07-07T09:14:02+00:00\",\"dateModified\":\"2020-07-30T19:34:06+00:00\",\"breadcrumb\":{\"@id\":\"https:\\\/\\\/revistaidees.cat\\\/es\\\/autors\\\/albert-noguera-fernandez\\\/#breadcrumb\"},\"inLanguage\":\"es\",\"potentialAction\":[{\"@type\":\"ReadAction\",\"target\":[\"https:\\\/\\\/revistaidees.cat\\\/es\\\/autors\\\/albert-noguera-fernandez\\\/\"]}]},{\"@type\":\"ImageObject\",\"inLanguage\":\"es\",\"@id\":\"https:\\\/\\\/revistaidees.cat\\\/es\\\/autors\\\/albert-noguera-fernandez\\\/#primaryimage\",\"url\":\"https:\\\/\\\/i0.wp.com\\\/revistaidees.cat\\\/wp-content\\\/uploads\\\/2020\\\/07\\\/Albert-Noguera-def-def.jpg?fit=859%2C541&ssl=1\",\"contentUrl\":\"https:\\\/\\\/i0.wp.com\\\/revistaidees.cat\\\/wp-content\\\/uploads\\\/2020\\\/07\\\/Albert-Noguera-def-def.jpg?fit=859%2C541&ssl=1\",\"width\":859,\"height\":541,\"caption\":\"Albert Noguera\"},{\"@type\":\"BreadcrumbList\",\"@id\":\"https:\\\/\\\/revistaidees.cat\\\/es\\\/autors\\\/albert-noguera-fernandez\\\/#breadcrumb\",\"itemListElement\":[{\"@type\":\"ListItem\",\"position\":1,\"name\":\"Inici\",\"item\":\"https:\\\/\\\/revistaidees.cat\\\/es\\\/\"},{\"@type\":\"ListItem\",\"position\":2,\"name\":\"Autors\",\"item\":\"https:\\\/\\\/revistaidees.cat\\\/autors\\\/\"},{\"@type\":\"ListItem\",\"position\":3,\"name\":\"Albert Noguera Fern\u00e1ndez\"}]},{\"@type\":\"WebSite\",\"@id\":\"https:\\\/\\\/revistaidees.cat\\\/#website\",\"url\":\"https:\\\/\\\/revistaidees.cat\\\/\",\"name\":\"IDEES\",\"description\":\"Revista de temas contempor\u00e1neos\",\"potentialAction\":[{\"@type\":\"SearchAction\",\"target\":{\"@type\":\"EntryPoint\",\"urlTemplate\":\"https:\\\/\\\/revistaidees.cat\\\/?s={search_term_string}\"},\"query-input\":{\"@type\":\"PropertyValueSpecification\",\"valueRequired\":true,\"valueName\":\"search_term_string\"}}],\"inLanguage\":\"es\"}]}<\/script>\n<!-- \/ Yoast SEO plugin. -->","yoast_head_json":{"title":"Albert Noguera Fern\u00e1ndez &#8211; IDEES","robots":{"index":"index","follow":"follow","max-snippet":"max-snippet:-1","max-image-preview":"max-image-preview:large","max-video-preview":"max-video-preview:-1"},"canonical":"https:\/\/revistaidees.cat\/es\/autors\/albert-noguera-fernandez\/","og_locale":"es_ES","og_type":"article","og_title":"Albert Noguera Fern\u00e1ndez &#8211; IDEES","og_description":"Albert Noguera Fern\u00e1ndez es jurista y polit\u00f3logo. Es profesor titular de Derecho Constitucional en la Universidad de Valencia y director de Democr\u00e0cia +. Grup d\u2019investigaci\u00f3 sobre nou constitucionalisme i Poder Constituent. Se ha especializado en procesos constituyentes y constitucionalismo en Am\u00e9rica Latina, donde ha vivido durante una d\u00e9cada. Doctor en Derecho por la Universidad de La Habana, ha sido profesor visitante en la Universidad Nacional Aut\u00f3noma de M\u00e9xico, en la Universidad Andina Sim\u00f3n Bol\u00edvar de Quito y en el centro de estudios latinoamericanos de la Universidad de Georgetown. Fue asesor de la Asamblea constituyente de Bolivia (2006-2008) y de la\u2026","og_url":"https:\/\/revistaidees.cat\/es\/autors\/albert-noguera-fernandez\/","og_site_name":"IDEES","article_modified_time":"2020-07-30T19:34:06+00:00","og_image":[{"width":859,"height":541,"url":"https:\/\/i0.wp.com\/revistaidees.cat\/wp-content\/uploads\/2020\/07\/Albert-Noguera-def-def.jpg?fit=859%2C541&ssl=1","type":"image\/jpeg"}],"twitter_card":"summary_large_image","twitter_misc":{"Tiempo de lectura":"1 minuto"},"schema":{"@context":"https:\/\/schema.org","@graph":[{"@type":"WebPage","@id":"https:\/\/revistaidees.cat\/es\/autors\/albert-noguera-fernandez\/","url":"https:\/\/revistaidees.cat\/es\/autors\/albert-noguera-fernandez\/","name":"Albert Noguera Fern\u00e1ndez &#8211; IDEES","isPartOf":{"@id":"https:\/\/revistaidees.cat\/#website"},"primaryImageOfPage":{"@id":"https:\/\/revistaidees.cat\/es\/autors\/albert-noguera-fernandez\/#primaryimage"},"image":{"@id":"https:\/\/revistaidees.cat\/es\/autors\/albert-noguera-fernandez\/#primaryimage"},"thumbnailUrl":"https:\/\/i0.wp.com\/revistaidees.cat\/wp-content\/uploads\/2020\/07\/Albert-Noguera-def-def.jpg?fit=859%2C541&ssl=1","datePublished":"2020-07-07T09:14:02+00:00","dateModified":"2020-07-30T19:34:06+00:00","breadcrumb":{"@id":"https:\/\/revistaidees.cat\/es\/autors\/albert-noguera-fernandez\/#breadcrumb"},"inLanguage":"es","potentialAction":[{"@type":"ReadAction","target":["https:\/\/revistaidees.cat\/es\/autors\/albert-noguera-fernandez\/"]}]},{"@type":"ImageObject","inLanguage":"es","@id":"https:\/\/revistaidees.cat\/es\/autors\/albert-noguera-fernandez\/#primaryimage","url":"https:\/\/i0.wp.com\/revistaidees.cat\/wp-content\/uploads\/2020\/07\/Albert-Noguera-def-def.jpg?fit=859%2C541&ssl=1","contentUrl":"https:\/\/i0.wp.com\/revistaidees.cat\/wp-content\/uploads\/2020\/07\/Albert-Noguera-def-def.jpg?fit=859%2C541&ssl=1","width":859,"height":541,"caption":"Albert Noguera"},{"@type":"BreadcrumbList","@id":"https:\/\/revistaidees.cat\/es\/autors\/albert-noguera-fernandez\/#breadcrumb","itemListElement":[{"@type":"ListItem","position":1,"name":"Inici","item":"https:\/\/revistaidees.cat\/es\/"},{"@type":"ListItem","position":2,"name":"Autors","item":"https:\/\/revistaidees.cat\/autors\/"},{"@type":"ListItem","position":3,"name":"Albert Noguera Fern\u00e1ndez"}]},{"@type":"WebSite","@id":"https:\/\/revistaidees.cat\/#website","url":"https:\/\/revistaidees.cat\/","name":"IDEES","description":"Revista de temas contempor\u00e1neos","potentialAction":[{"@type":"SearchAction","target":{"@type":"EntryPoint","urlTemplate":"https:\/\/revistaidees.cat\/?s={search_term_string}"},"query-input":{"@type":"PropertyValueSpecification","valueRequired":true,"valueName":"search_term_string"}}],"inLanguage":"es"}]}},"jetpack_sharing_enabled":true,"_links":{"self":[{"href":"https:\/\/revistaidees.cat\/es\/wp-json\/wp\/v2\/autors\/15898","targetHints":{"allow":["GET"]}}],"collection":[{"href":"https:\/\/revistaidees.cat\/es\/wp-json\/wp\/v2\/autors"}],"about":[{"href":"https:\/\/revistaidees.cat\/es\/wp-json\/wp\/v2\/types\/autors"}],"version-history":[{"count":2,"href":"https:\/\/revistaidees.cat\/es\/wp-json\/wp\/v2\/autors\/15898\/revisions"}],"predecessor-version":[{"id":17603,"href":"https:\/\/revistaidees.cat\/es\/wp-json\/wp\/v2\/autors\/15898\/revisions\/17603"}],"wp:featuredmedia":[{"embeddable":true,"href":"https:\/\/revistaidees.cat\/es\/wp-json\/wp\/v2\/media\/15709"}],"wp:attachment":[{"href":"https:\/\/revistaidees.cat\/es\/wp-json\/wp\/v2\/media?parent=15898"}],"wp:term":[{"taxonomy":"category_autors","embeddable":true,"href":"https:\/\/revistaidees.cat\/es\/wp-json\/wp\/v2\/category_autors?post=15898"}],"curies":[{"name":"wp","href":"https:\/\/api.w.org\/{rel}","templated":true}]}}