{"id":15903,"date":"2020-07-07T10:04:57","date_gmt":"2020-07-07T10:04:57","guid":{"rendered":"https:\/\/revistaidees.cat\/autors\/gemma-ubasart-gonzalez\/"},"modified":"2020-07-07T10:10:49","modified_gmt":"2020-07-07T10:10:49","slug":"gemma-ubasart-gonzalez","status":"publish","type":"autors","link":"https:\/\/revistaidees.cat\/es\/autors\/gemma-ubasart-gonzalez\/","title":{"rendered":"Gemma Ubasart-Gonz\u00e1lez"},"content":{"rendered":"\n<p>Gemma Ubasart-Gonz\u00e1lez es polit\u00f3loga y analista. Es profesora de Ciencia Pol\u00edtica y vicedecana de la Facultad de Derecho de la Universidad de Girona. Actualmente tambi\u00e9n es profesora visitante en la Universit\u00e9 Lumi\u00e8re Lyon 2, en Francia. Colabora con varios medios de comunicaci\u00f3n, entre los cuales El Peri\u00f3dico, El Diario, Cr\u00edtic, TV3, TV1, Canal 24h, Betev\u00e9, Catalunya R\u00e0dio i R\u00e0dio 4. Sus \u00e1reas de inter\u00e9s son las pol\u00edticas p\u00fablicas, el gobierno local, el Estado del bienestar, los movimientos sociales y el conflicto pol\u00edtico. Es Doctora en Ciencias Pol\u00edticas por la Universidad Aut\u00f3noma de Barcelona y desde el 2008 compagina la tarea acad\u00e9mica \u2013docente, investigadora y de gesti\u00f3n\u2013 con la asesor\u00eda a gobiernos, partidos y organizaciones sociales tanto en Europa como en Am\u00e9rica Latina. Ha realizado estancias de investigaci\u00f3n y\/o docencia en la London School of Economics and Political Science, en la Universit\u00e0 di Padova, en la University of Ottawa, en Sciences Po-Par\u00eds y en el Instituto de Altos Estudios Nacionales del Ecuador. Tambi\u00e9n ha ejercido de Secretaria General de Podemos Catalunya.<\/p>\n","protected":false},"featured_media":15696,"template":"","category_autors":[],"class_list":["post-15903","autors","type-autors","status-publish","has-post-thumbnail","hentry"],"acf":[],"yoast_head":"<!-- This site is optimized with the Yoast SEO plugin v27.4 - https:\/\/yoast.com\/product\/yoast-seo-wordpress\/ -->\n<title>Gemma Ubasart-Gonz\u00e1lez &#8211; IDEES<\/title>\n<meta name=\"robots\" content=\"index, follow, max-snippet:-1, max-image-preview:large, max-video-preview:-1\" \/>\n<link rel=\"canonical\" href=\"https:\/\/revistaidees.cat\/es\/autors\/gemma-ubasart-gonzalez\/\" \/>\n<meta property=\"og:locale\" content=\"es_ES\" \/>\n<meta property=\"og:type\" content=\"article\" \/>\n<meta property=\"og:title\" content=\"Gemma Ubasart-Gonz\u00e1lez &#8211; IDEES\" \/>\n<meta property=\"og:description\" content=\"Gemma Ubasart-Gonz\u00e1lez es polit\u00f3loga y analista. Es profesora de Ciencia Pol\u00edtica y vicedecana de la Facultad de Derecho de la Universidad de Girona. Actualmente tambi\u00e9n es profesora visitante en la Universit\u00e9 Lumi\u00e8re Lyon 2, en Francia. Colabora con varios medios de comunicaci\u00f3n, entre los cuales El Peri\u00f3dico, El Diario, Cr\u00edtic, TV3, TV1, Canal 24h, Betev\u00e9, Catalunya R\u00e0dio i R\u00e0dio 4. Sus \u00e1reas de inter\u00e9s son las pol\u00edticas p\u00fablicas, el gobierno local, el Estado del bienestar, los movimientos sociales y el conflicto pol\u00edtico. Es Doctora en Ciencias Pol\u00edticas por la Universidad Aut\u00f3noma de Barcelona y desde el 2008 compagina la tarea\u2026\" \/>\n<meta property=\"og:url\" content=\"https:\/\/revistaidees.cat\/es\/autors\/gemma-ubasart-gonzalez\/\" \/>\n<meta property=\"og:site_name\" content=\"IDEES\" \/>\n<meta property=\"article:modified_time\" content=\"2020-07-07T10:10:49+00:00\" \/>\n<meta property=\"og:image\" content=\"https:\/\/i0.wp.com\/revistaidees.cat\/wp-content\/uploads\/2020\/06\/Gemma-Ubasart-def.jpg?fit=512%2C362&ssl=1\" \/>\n\t<meta property=\"og:image:width\" content=\"512\" \/>\n\t<meta property=\"og:image:height\" content=\"362\" \/>\n\t<meta property=\"og:image:type\" content=\"image\/jpeg\" \/>\n<meta name=\"twitter:card\" content=\"summary_large_image\" \/>\n<meta name=\"twitter:label1\" content=\"Tiempo de lectura\" \/>\n\t<meta name=\"twitter:data1\" content=\"1 minuto\" \/>\n<script type=\"application\/ld+json\" class=\"yoast-schema-graph\">{\"@context\":\"https:\\\/\\\/schema.org\",\"@graph\":[{\"@type\":\"WebPage\",\"@id\":\"https:\\\/\\\/revistaidees.cat\\\/es\\\/autors\\\/gemma-ubasart-gonzalez\\\/\",\"url\":\"https:\\\/\\\/revistaidees.cat\\\/es\\\/autors\\\/gemma-ubasart-gonzalez\\\/\",\"name\":\"Gemma Ubasart-Gonz\u00e1lez &#8211; IDEES\",\"isPartOf\":{\"@id\":\"https:\\\/\\\/revistaidees.cat\\\/#website\"},\"primaryImageOfPage\":{\"@id\":\"https:\\\/\\\/revistaidees.cat\\\/es\\\/autors\\\/gemma-ubasart-gonzalez\\\/#primaryimage\"},\"image\":{\"@id\":\"https:\\\/\\\/revistaidees.cat\\\/es\\\/autors\\\/gemma-ubasart-gonzalez\\\/#primaryimage\"},\"thumbnailUrl\":\"https:\\\/\\\/i0.wp.com\\\/revistaidees.cat\\\/wp-content\\\/uploads\\\/2020\\\/06\\\/Gemma-Ubasart-def.jpg?fit=512%2C362&ssl=1\",\"datePublished\":\"2020-07-07T10:04:57+00:00\",\"dateModified\":\"2020-07-07T10:10:49+00:00\",\"breadcrumb\":{\"@id\":\"https:\\\/\\\/revistaidees.cat\\\/es\\\/autors\\\/gemma-ubasart-gonzalez\\\/#breadcrumb\"},\"inLanguage\":\"es\",\"potentialAction\":[{\"@type\":\"ReadAction\",\"target\":[\"https:\\\/\\\/revistaidees.cat\\\/es\\\/autors\\\/gemma-ubasart-gonzalez\\\/\"]}]},{\"@type\":\"ImageObject\",\"inLanguage\":\"es\",\"@id\":\"https:\\\/\\\/revistaidees.cat\\\/es\\\/autors\\\/gemma-ubasart-gonzalez\\\/#primaryimage\",\"url\":\"https:\\\/\\\/i0.wp.com\\\/revistaidees.cat\\\/wp-content\\\/uploads\\\/2020\\\/06\\\/Gemma-Ubasart-def.jpg?fit=512%2C362&ssl=1\",\"contentUrl\":\"https:\\\/\\\/i0.wp.com\\\/revistaidees.cat\\\/wp-content\\\/uploads\\\/2020\\\/06\\\/Gemma-Ubasart-def.jpg?fit=512%2C362&ssl=1\",\"width\":512,\"height\":362,\"caption\":\"Gemma Ubasart\"},{\"@type\":\"BreadcrumbList\",\"@id\":\"https:\\\/\\\/revistaidees.cat\\\/es\\\/autors\\\/gemma-ubasart-gonzalez\\\/#breadcrumb\",\"itemListElement\":[{\"@type\":\"ListItem\",\"position\":1,\"name\":\"Inici\",\"item\":\"https:\\\/\\\/revistaidees.cat\\\/es\\\/\"},{\"@type\":\"ListItem\",\"position\":2,\"name\":\"Autors\",\"item\":\"https:\\\/\\\/revistaidees.cat\\\/autors\\\/\"},{\"@type\":\"ListItem\",\"position\":3,\"name\":\"Gemma Ubasart-Gonz\u00e1lez\"}]},{\"@type\":\"WebSite\",\"@id\":\"https:\\\/\\\/revistaidees.cat\\\/#website\",\"url\":\"https:\\\/\\\/revistaidees.cat\\\/\",\"name\":\"IDEES\",\"description\":\"Revista de temas contempor\u00e1neos\",\"potentialAction\":[{\"@type\":\"SearchAction\",\"target\":{\"@type\":\"EntryPoint\",\"urlTemplate\":\"https:\\\/\\\/revistaidees.cat\\\/?s={search_term_string}\"},\"query-input\":{\"@type\":\"PropertyValueSpecification\",\"valueRequired\":true,\"valueName\":\"search_term_string\"}}],\"inLanguage\":\"es\"}]}<\/script>\n<!-- \/ Yoast SEO plugin. -->","yoast_head_json":{"title":"Gemma Ubasart-Gonz\u00e1lez &#8211; IDEES","robots":{"index":"index","follow":"follow","max-snippet":"max-snippet:-1","max-image-preview":"max-image-preview:large","max-video-preview":"max-video-preview:-1"},"canonical":"https:\/\/revistaidees.cat\/es\/autors\/gemma-ubasart-gonzalez\/","og_locale":"es_ES","og_type":"article","og_title":"Gemma Ubasart-Gonz\u00e1lez &#8211; IDEES","og_description":"Gemma Ubasart-Gonz\u00e1lez es polit\u00f3loga y analista. Es profesora de Ciencia Pol\u00edtica y vicedecana de la Facultad de Derecho de la Universidad de Girona. Actualmente tambi\u00e9n es profesora visitante en la Universit\u00e9 Lumi\u00e8re Lyon 2, en Francia. Colabora con varios medios de comunicaci\u00f3n, entre los cuales El Peri\u00f3dico, El Diario, Cr\u00edtic, TV3, TV1, Canal 24h, Betev\u00e9, Catalunya R\u00e0dio i R\u00e0dio 4. Sus \u00e1reas de inter\u00e9s son las pol\u00edticas p\u00fablicas, el gobierno local, el Estado del bienestar, los movimientos sociales y el conflicto pol\u00edtico. Es Doctora en Ciencias Pol\u00edticas por la Universidad Aut\u00f3noma de Barcelona y desde el 2008 compagina la tarea\u2026","og_url":"https:\/\/revistaidees.cat\/es\/autors\/gemma-ubasart-gonzalez\/","og_site_name":"IDEES","article_modified_time":"2020-07-07T10:10:49+00:00","og_image":[{"width":512,"height":362,"url":"https:\/\/i0.wp.com\/revistaidees.cat\/wp-content\/uploads\/2020\/06\/Gemma-Ubasart-def.jpg?fit=512%2C362&ssl=1","type":"image\/jpeg"}],"twitter_card":"summary_large_image","twitter_misc":{"Tiempo de lectura":"1 minuto"},"schema":{"@context":"https:\/\/schema.org","@graph":[{"@type":"WebPage","@id":"https:\/\/revistaidees.cat\/es\/autors\/gemma-ubasart-gonzalez\/","url":"https:\/\/revistaidees.cat\/es\/autors\/gemma-ubasart-gonzalez\/","name":"Gemma Ubasart-Gonz\u00e1lez &#8211; IDEES","isPartOf":{"@id":"https:\/\/revistaidees.cat\/#website"},"primaryImageOfPage":{"@id":"https:\/\/revistaidees.cat\/es\/autors\/gemma-ubasart-gonzalez\/#primaryimage"},"image":{"@id":"https:\/\/revistaidees.cat\/es\/autors\/gemma-ubasart-gonzalez\/#primaryimage"},"thumbnailUrl":"https:\/\/i0.wp.com\/revistaidees.cat\/wp-content\/uploads\/2020\/06\/Gemma-Ubasart-def.jpg?fit=512%2C362&ssl=1","datePublished":"2020-07-07T10:04:57+00:00","dateModified":"2020-07-07T10:10:49+00:00","breadcrumb":{"@id":"https:\/\/revistaidees.cat\/es\/autors\/gemma-ubasart-gonzalez\/#breadcrumb"},"inLanguage":"es","potentialAction":[{"@type":"ReadAction","target":["https:\/\/revistaidees.cat\/es\/autors\/gemma-ubasart-gonzalez\/"]}]},{"@type":"ImageObject","inLanguage":"es","@id":"https:\/\/revistaidees.cat\/es\/autors\/gemma-ubasart-gonzalez\/#primaryimage","url":"https:\/\/i0.wp.com\/revistaidees.cat\/wp-content\/uploads\/2020\/06\/Gemma-Ubasart-def.jpg?fit=512%2C362&ssl=1","contentUrl":"https:\/\/i0.wp.com\/revistaidees.cat\/wp-content\/uploads\/2020\/06\/Gemma-Ubasart-def.jpg?fit=512%2C362&ssl=1","width":512,"height":362,"caption":"Gemma Ubasart"},{"@type":"BreadcrumbList","@id":"https:\/\/revistaidees.cat\/es\/autors\/gemma-ubasart-gonzalez\/#breadcrumb","itemListElement":[{"@type":"ListItem","position":1,"name":"Inici","item":"https:\/\/revistaidees.cat\/es\/"},{"@type":"ListItem","position":2,"name":"Autors","item":"https:\/\/revistaidees.cat\/autors\/"},{"@type":"ListItem","position":3,"name":"Gemma Ubasart-Gonz\u00e1lez"}]},{"@type":"WebSite","@id":"https:\/\/revistaidees.cat\/#website","url":"https:\/\/revistaidees.cat\/","name":"IDEES","description":"Revista de temas contempor\u00e1neos","potentialAction":[{"@type":"SearchAction","target":{"@type":"EntryPoint","urlTemplate":"https:\/\/revistaidees.cat\/?s={search_term_string}"},"query-input":{"@type":"PropertyValueSpecification","valueRequired":true,"valueName":"search_term_string"}}],"inLanguage":"es"}]}},"jetpack_sharing_enabled":true,"_links":{"self":[{"href":"https:\/\/revistaidees.cat\/es\/wp-json\/wp\/v2\/autors\/15903","targetHints":{"allow":["GET"]}}],"collection":[{"href":"https:\/\/revistaidees.cat\/es\/wp-json\/wp\/v2\/autors"}],"about":[{"href":"https:\/\/revistaidees.cat\/es\/wp-json\/wp\/v2\/types\/autors"}],"version-history":[{"count":1,"href":"https:\/\/revistaidees.cat\/es\/wp-json\/wp\/v2\/autors\/15903\/revisions"}],"predecessor-version":[{"id":15904,"href":"https:\/\/revistaidees.cat\/es\/wp-json\/wp\/v2\/autors\/15903\/revisions\/15904"}],"wp:featuredmedia":[{"embeddable":true,"href":"https:\/\/revistaidees.cat\/es\/wp-json\/wp\/v2\/media\/15696"}],"wp:attachment":[{"href":"https:\/\/revistaidees.cat\/es\/wp-json\/wp\/v2\/media?parent=15903"}],"wp:term":[{"taxonomy":"category_autors","embeddable":true,"href":"https:\/\/revistaidees.cat\/es\/wp-json\/wp\/v2\/category_autors?post=15903"}],"curies":[{"name":"wp","href":"https:\/\/api.w.org\/{rel}","templated":true}]}}