{"id":19442,"date":"2020-09-03T06:44:31","date_gmt":"2020-09-03T06:44:31","guid":{"rendered":"https:\/\/revistaidees.cat\/?post_type=autors&#038;p=19442"},"modified":"2020-09-03T06:44:32","modified_gmt":"2020-09-03T06:44:32","slug":"xavier-godas","status":"publish","type":"autors","link":"https:\/\/revistaidees.cat\/es\/autors\/xavier-godas\/","title":{"rendered":"Xavier God\u00e0s"},"content":{"rendered":"\n<p>Xavier God\u00e1s y P\u00e9rez es soci\u00f3logo y pol\u00edtico catal\u00e1n. Es doctor en Sociolog\u00eda por la Universidad de Barcelona, donde ha sido profesor, y est\u00e1 especializado en movimientos sociales y teor\u00eda sociol\u00f3gica. Durante el per\u00edodo 2003-2011 trabaj\u00f3 como Jefe de Gabinete del Ayuntamiento de Barcelona. Actualmente colabora en ESADE y trabaja en la empresa Estrat\u00e8gies de Qualitat Urbana, una consultor\u00eda de pol\u00edticas p\u00fablicas, gesti\u00f3n de redes de acci\u00f3n social y an\u00e1lisis de servicios. Vinculado a Esquerra Republicana de Catalunya, ha sido alcalde Vilassar de Dalt para esta formaci\u00f3n durante dos mandatos, desde el a\u00f1o 2011 al 2019. Es autor de varios libros, entre los cuales destaca <em>Pol\u00edtica del disenso: sociolog\u00eda de los movimientos sociales <\/em>(2007) o <em>El buen gobierno 2.0: la gobernanza democr\u00e1tica territorial <\/em>(2010)<\/p>\n","protected":false},"featured_media":59111,"template":"","category_autors":[],"class_list":["post-19442","autors","type-autors","status-publish","has-post-thumbnail","hentry"],"acf":[],"yoast_head":"<!-- This site is optimized with the Yoast SEO plugin v27.2 - https:\/\/yoast.com\/product\/yoast-seo-wordpress\/ -->\n<title>Xavier God\u00e0s &#8211; IDEES<\/title>\n<meta name=\"robots\" content=\"index, follow, max-snippet:-1, max-image-preview:large, max-video-preview:-1\" \/>\n<link rel=\"canonical\" href=\"https:\/\/revistaidees.cat\/es\/autors\/xavier-godas\/\" \/>\n<meta property=\"og:locale\" content=\"es_ES\" \/>\n<meta property=\"og:type\" content=\"article\" \/>\n<meta property=\"og:title\" content=\"Xavier God\u00e0s &#8211; IDEES\" \/>\n<meta property=\"og:description\" content=\"Xavier God\u00e1s y P\u00e9rez es soci\u00f3logo y pol\u00edtico catal\u00e1n. Es doctor en Sociolog\u00eda por la Universidad de Barcelona, donde ha sido profesor, y est\u00e1 especializado en movimientos sociales y teor\u00eda sociol\u00f3gica. Durante el per\u00edodo 2003-2011 trabaj\u00f3 como Jefe de Gabinete del Ayuntamiento de Barcelona. Actualmente colabora en ESADE y trabaja en la empresa Estrat\u00e8gies de Qualitat Urbana, una consultor\u00eda de pol\u00edticas p\u00fablicas, gesti\u00f3n de redes de acci\u00f3n social y an\u00e1lisis de servicios. Vinculado a Esquerra Republicana de Catalunya, ha sido alcalde Vilassar de Dalt para esta formaci\u00f3n durante dos mandatos, desde el a\u00f1o 2011 al 2019. Es autor de varios\u2026\" \/>\n<meta property=\"og:url\" content=\"https:\/\/revistaidees.cat\/es\/autors\/xavier-godas\/\" \/>\n<meta property=\"og:site_name\" content=\"IDEES\" \/>\n<meta property=\"article:modified_time\" content=\"2020-09-03T06:44:32+00:00\" \/>\n<meta property=\"og:image\" content=\"https:\/\/i0.wp.com\/revistaidees.cat\/wp-content\/uploads\/2020\/09\/Xavier-Godas-def.jpg?fit=354%2C248&ssl=1\" \/>\n\t<meta property=\"og:image:width\" content=\"354\" \/>\n\t<meta property=\"og:image:height\" content=\"248\" \/>\n\t<meta property=\"og:image:type\" content=\"image\/jpeg\" \/>\n<meta name=\"twitter:card\" content=\"summary_large_image\" \/>\n<meta name=\"twitter:label1\" content=\"Tiempo de lectura\" \/>\n\t<meta name=\"twitter:data1\" content=\"1 minuto\" \/>\n<script type=\"application\/ld+json\" class=\"yoast-schema-graph\">{\"@context\":\"https:\/\/schema.org\",\"@graph\":[{\"@type\":\"WebPage\",\"@id\":\"https:\/\/revistaidees.cat\/es\/autors\/xavier-godas\/\",\"url\":\"https:\/\/revistaidees.cat\/es\/autors\/xavier-godas\/\",\"name\":\"Xavier God\u00e0s &#8211; IDEES\",\"isPartOf\":{\"@id\":\"https:\/\/revistaidees.cat\/#website\"},\"primaryImageOfPage\":{\"@id\":\"https:\/\/revistaidees.cat\/es\/autors\/xavier-godas\/#primaryimage\"},\"image\":{\"@id\":\"https:\/\/revistaidees.cat\/es\/autors\/xavier-godas\/#primaryimage\"},\"thumbnailUrl\":\"https:\/\/i0.wp.com\/revistaidees.cat\/wp-content\/uploads\/2020\/09\/Xavier-Godas-def.jpg?fit=354%2C248&ssl=1\",\"datePublished\":\"2020-09-03T06:44:31+00:00\",\"dateModified\":\"2020-09-03T06:44:32+00:00\",\"breadcrumb\":{\"@id\":\"https:\/\/revistaidees.cat\/es\/autors\/xavier-godas\/#breadcrumb\"},\"inLanguage\":\"es\",\"potentialAction\":[{\"@type\":\"ReadAction\",\"target\":[\"https:\/\/revistaidees.cat\/es\/autors\/xavier-godas\/\"]}]},{\"@type\":\"ImageObject\",\"inLanguage\":\"es\",\"@id\":\"https:\/\/revistaidees.cat\/es\/autors\/xavier-godas\/#primaryimage\",\"url\":\"https:\/\/i0.wp.com\/revistaidees.cat\/wp-content\/uploads\/2020\/09\/Xavier-Godas-def.jpg?fit=354%2C248&ssl=1\",\"contentUrl\":\"https:\/\/i0.wp.com\/revistaidees.cat\/wp-content\/uploads\/2020\/09\/Xavier-Godas-def.jpg?fit=354%2C248&ssl=1\",\"width\":354,\"height\":248,\"caption\":\"Xavier God\u00e0s\"},{\"@type\":\"BreadcrumbList\",\"@id\":\"https:\/\/revistaidees.cat\/es\/autors\/xavier-godas\/#breadcrumb\",\"itemListElement\":[{\"@type\":\"ListItem\",\"position\":1,\"name\":\"Inici\",\"item\":\"https:\/\/revistaidees.cat\/es\/\"},{\"@type\":\"ListItem\",\"position\":2,\"name\":\"Autors\",\"item\":\"https:\/\/revistaidees.cat\/autors\/\"},{\"@type\":\"ListItem\",\"position\":3,\"name\":\"Xavier God\u00e0s\"}]},{\"@type\":\"WebSite\",\"@id\":\"https:\/\/revistaidees.cat\/#website\",\"url\":\"https:\/\/revistaidees.cat\/\",\"name\":\"IDEES\",\"description\":\"Revista de temas contempor\u00e1neos\",\"potentialAction\":[{\"@type\":\"SearchAction\",\"target\":{\"@type\":\"EntryPoint\",\"urlTemplate\":\"https:\/\/revistaidees.cat\/?s={search_term_string}\"},\"query-input\":{\"@type\":\"PropertyValueSpecification\",\"valueRequired\":true,\"valueName\":\"search_term_string\"}}],\"inLanguage\":\"es\"}]}<\/script>\n<!-- \/ Yoast SEO plugin. -->","yoast_head_json":{"title":"Xavier God\u00e0s &#8211; IDEES","robots":{"index":"index","follow":"follow","max-snippet":"max-snippet:-1","max-image-preview":"max-image-preview:large","max-video-preview":"max-video-preview:-1"},"canonical":"https:\/\/revistaidees.cat\/es\/autors\/xavier-godas\/","og_locale":"es_ES","og_type":"article","og_title":"Xavier God\u00e0s &#8211; IDEES","og_description":"Xavier God\u00e1s y P\u00e9rez es soci\u00f3logo y pol\u00edtico catal\u00e1n. Es doctor en Sociolog\u00eda por la Universidad de Barcelona, donde ha sido profesor, y est\u00e1 especializado en movimientos sociales y teor\u00eda sociol\u00f3gica. Durante el per\u00edodo 2003-2011 trabaj\u00f3 como Jefe de Gabinete del Ayuntamiento de Barcelona. Actualmente colabora en ESADE y trabaja en la empresa Estrat\u00e8gies de Qualitat Urbana, una consultor\u00eda de pol\u00edticas p\u00fablicas, gesti\u00f3n de redes de acci\u00f3n social y an\u00e1lisis de servicios. Vinculado a Esquerra Republicana de Catalunya, ha sido alcalde Vilassar de Dalt para esta formaci\u00f3n durante dos mandatos, desde el a\u00f1o 2011 al 2019. Es autor de varios\u2026","og_url":"https:\/\/revistaidees.cat\/es\/autors\/xavier-godas\/","og_site_name":"IDEES","article_modified_time":"2020-09-03T06:44:32+00:00","og_image":[{"width":354,"height":248,"url":"https:\/\/i0.wp.com\/revistaidees.cat\/wp-content\/uploads\/2020\/09\/Xavier-Godas-def.jpg?fit=354%2C248&ssl=1","type":"image\/jpeg"}],"twitter_card":"summary_large_image","twitter_misc":{"Tiempo de lectura":"1 minuto"},"schema":{"@context":"https:\/\/schema.org","@graph":[{"@type":"WebPage","@id":"https:\/\/revistaidees.cat\/es\/autors\/xavier-godas\/","url":"https:\/\/revistaidees.cat\/es\/autors\/xavier-godas\/","name":"Xavier God\u00e0s &#8211; IDEES","isPartOf":{"@id":"https:\/\/revistaidees.cat\/#website"},"primaryImageOfPage":{"@id":"https:\/\/revistaidees.cat\/es\/autors\/xavier-godas\/#primaryimage"},"image":{"@id":"https:\/\/revistaidees.cat\/es\/autors\/xavier-godas\/#primaryimage"},"thumbnailUrl":"https:\/\/i0.wp.com\/revistaidees.cat\/wp-content\/uploads\/2020\/09\/Xavier-Godas-def.jpg?fit=354%2C248&ssl=1","datePublished":"2020-09-03T06:44:31+00:00","dateModified":"2020-09-03T06:44:32+00:00","breadcrumb":{"@id":"https:\/\/revistaidees.cat\/es\/autors\/xavier-godas\/#breadcrumb"},"inLanguage":"es","potentialAction":[{"@type":"ReadAction","target":["https:\/\/revistaidees.cat\/es\/autors\/xavier-godas\/"]}]},{"@type":"ImageObject","inLanguage":"es","@id":"https:\/\/revistaidees.cat\/es\/autors\/xavier-godas\/#primaryimage","url":"https:\/\/i0.wp.com\/revistaidees.cat\/wp-content\/uploads\/2020\/09\/Xavier-Godas-def.jpg?fit=354%2C248&ssl=1","contentUrl":"https:\/\/i0.wp.com\/revistaidees.cat\/wp-content\/uploads\/2020\/09\/Xavier-Godas-def.jpg?fit=354%2C248&ssl=1","width":354,"height":248,"caption":"Xavier God\u00e0s"},{"@type":"BreadcrumbList","@id":"https:\/\/revistaidees.cat\/es\/autors\/xavier-godas\/#breadcrumb","itemListElement":[{"@type":"ListItem","position":1,"name":"Inici","item":"https:\/\/revistaidees.cat\/es\/"},{"@type":"ListItem","position":2,"name":"Autors","item":"https:\/\/revistaidees.cat\/autors\/"},{"@type":"ListItem","position":3,"name":"Xavier God\u00e0s"}]},{"@type":"WebSite","@id":"https:\/\/revistaidees.cat\/#website","url":"https:\/\/revistaidees.cat\/","name":"IDEES","description":"Revista de temas contempor\u00e1neos","potentialAction":[{"@type":"SearchAction","target":{"@type":"EntryPoint","urlTemplate":"https:\/\/revistaidees.cat\/?s={search_term_string}"},"query-input":{"@type":"PropertyValueSpecification","valueRequired":true,"valueName":"search_term_string"}}],"inLanguage":"es"}]}},"jetpack_sharing_enabled":true,"_links":{"self":[{"href":"https:\/\/revistaidees.cat\/es\/wp-json\/wp\/v2\/autors\/19442","targetHints":{"allow":["GET"]}}],"collection":[{"href":"https:\/\/revistaidees.cat\/es\/wp-json\/wp\/v2\/autors"}],"about":[{"href":"https:\/\/revistaidees.cat\/es\/wp-json\/wp\/v2\/types\/autors"}],"version-history":[{"count":2,"href":"https:\/\/revistaidees.cat\/es\/wp-json\/wp\/v2\/autors\/19442\/revisions"}],"predecessor-version":[{"id":19573,"href":"https:\/\/revistaidees.cat\/es\/wp-json\/wp\/v2\/autors\/19442\/revisions\/19573"}],"wp:featuredmedia":[{"embeddable":true,"href":"https:\/\/revistaidees.cat\/es\/wp-json\/wp\/v2\/media\/59111"}],"wp:attachment":[{"href":"https:\/\/revistaidees.cat\/es\/wp-json\/wp\/v2\/media?parent=19442"}],"wp:term":[{"taxonomy":"category_autors","embeddable":true,"href":"https:\/\/revistaidees.cat\/es\/wp-json\/wp\/v2\/category_autors?post=19442"}],"curies":[{"name":"wp","href":"https:\/\/api.w.org\/{rel}","templated":true}]}}