{"id":21712,"date":"2020-10-05T18:02:13","date_gmt":"2020-10-05T18:02:13","guid":{"rendered":"https:\/\/revistaidees.cat\/?post_type=autors&#038;p=21712"},"modified":"2022-02-17T14:03:42","modified_gmt":"2022-02-17T14:03:42","slug":"roger-albinyana","status":"publish","type":"autors","link":"https:\/\/revistaidees.cat\/es\/autors\/roger-albinyana\/","title":{"rendered":"Roger Albinyana"},"content":{"rendered":"\n<p>Roger Albinyana \u00e9s director gerent de l&#8217;Institut Europeu de la Mediterr\u00e0nia (IEMed) i professor associat de pol\u00edtica econ\u00f2mica internacional a la Facultat d&#8217;Economia i Empresa de la Universitat de Barcelona. Pr\u00e8viament, havia sigut director de Pol\u00edtiques Regionals Mediterr\u00e0nies i Desenvolupament Hum\u00e0 de l&#8217;IEMed. Tamb\u00e9 \u00e9s membre del patronat del CIDOB i del consell assessor de l&#8217;Associaci\u00f3 d&#8217;Economistes Euro-Mediterranis (EMEA). T\u00e9 un M\u00e0ster en Hist\u00f2ria Econ\u00f2mica per la UB i la UAB, un Grau en Economia per la UPF i un Grau en ADE per la UOC. Durant el per\u00edode 2013-2016 va ser secretari general d&#8217;Afers Exteriors i de la Uni\u00f3 Europea a la Generalitat de Catalunya. Durant el mateix per\u00edode, tamb\u00e9 va ser membre del Comit\u00e8 de les Regions. Entre els anys 2010 i 2013, va exercir de conseller en desenvolupament del sector privat a la Secretaria de la Uni\u00f3 per la Mediterr\u00e0nia, organisme internacional amb seu a Barcelona.<\/p>\n","protected":false},"featured_media":22942,"template":"","category_autors":[],"class_list":["post-21712","autors","type-autors","status-publish","has-post-thumbnail","hentry"],"acf":[],"yoast_head":"<!-- This site is optimized with the Yoast SEO plugin v27.4 - https:\/\/yoast.com\/product\/yoast-seo-wordpress\/ -->\n<title>Roger Albinyana &#8211; IDEES<\/title>\n<meta name=\"robots\" content=\"index, follow, max-snippet:-1, max-image-preview:large, max-video-preview:-1\" \/>\n<link rel=\"canonical\" href=\"https:\/\/revistaidees.cat\/es\/autors\/roger-albinyana\/\" \/>\n<meta property=\"og:locale\" content=\"es_ES\" \/>\n<meta property=\"og:type\" content=\"article\" \/>\n<meta property=\"og:title\" content=\"Roger Albinyana &#8211; IDEES\" \/>\n<meta property=\"og:description\" content=\"Roger Albinyana \u00e9s director gerent de l&#8217;Institut Europeu de la Mediterr\u00e0nia (IEMed) i professor associat de pol\u00edtica econ\u00f2mica internacional a la Facultat d&#8217;Economia i Empresa de la Universitat de Barcelona. Pr\u00e8viament, havia sigut director de Pol\u00edtiques Regionals Mediterr\u00e0nies i Desenvolupament Hum\u00e0 de l&#8217;IEMed. Tamb\u00e9 \u00e9s membre del patronat del CIDOB i del consell assessor de l&#8217;Associaci\u00f3 d&#8217;Economistes Euro-Mediterranis (EMEA). T\u00e9 un M\u00e0ster en Hist\u00f2ria Econ\u00f2mica per la UB i la UAB, un Grau en Economia per la UPF i un Grau en ADE per la UOC. Durant el per\u00edode 2013-2016 va ser secretari general d&#8217;Afers Exteriors i de la Uni\u00f3\u2026\" \/>\n<meta property=\"og:url\" content=\"https:\/\/revistaidees.cat\/es\/autors\/roger-albinyana\/\" \/>\n<meta property=\"og:site_name\" content=\"IDEES\" \/>\n<meta property=\"article:modified_time\" content=\"2022-02-17T14:03:42+00:00\" \/>\n<meta property=\"og:image\" content=\"https:\/\/i0.wp.com\/revistaidees.cat\/wp-content\/uploads\/2020\/10\/Roger-Albinyana-def.jpg?fit=374%2C250&ssl=1\" \/>\n\t<meta property=\"og:image:width\" content=\"374\" \/>\n\t<meta property=\"og:image:height\" content=\"250\" \/>\n\t<meta property=\"og:image:type\" content=\"image\/jpeg\" \/>\n<meta name=\"twitter:card\" content=\"summary_large_image\" \/>\n<meta name=\"twitter:label1\" content=\"Tiempo de lectura\" \/>\n\t<meta name=\"twitter:data1\" content=\"1 minuto\" \/>\n<script type=\"application\/ld+json\" class=\"yoast-schema-graph\">{\"@context\":\"https:\\\/\\\/schema.org\",\"@graph\":[{\"@type\":\"WebPage\",\"@id\":\"https:\\\/\\\/revistaidees.cat\\\/es\\\/autors\\\/roger-albinyana\\\/\",\"url\":\"https:\\\/\\\/revistaidees.cat\\\/es\\\/autors\\\/roger-albinyana\\\/\",\"name\":\"Roger Albinyana &#8211; IDEES\",\"isPartOf\":{\"@id\":\"https:\\\/\\\/revistaidees.cat\\\/#website\"},\"primaryImageOfPage\":{\"@id\":\"https:\\\/\\\/revistaidees.cat\\\/es\\\/autors\\\/roger-albinyana\\\/#primaryimage\"},\"image\":{\"@id\":\"https:\\\/\\\/revistaidees.cat\\\/es\\\/autors\\\/roger-albinyana\\\/#primaryimage\"},\"thumbnailUrl\":\"https:\\\/\\\/i0.wp.com\\\/revistaidees.cat\\\/wp-content\\\/uploads\\\/2020\\\/10\\\/Roger-Albinyana-def.jpg?fit=374%2C250&ssl=1\",\"datePublished\":\"2020-10-05T18:02:13+00:00\",\"dateModified\":\"2022-02-17T14:03:42+00:00\",\"breadcrumb\":{\"@id\":\"https:\\\/\\\/revistaidees.cat\\\/es\\\/autors\\\/roger-albinyana\\\/#breadcrumb\"},\"inLanguage\":\"es\",\"potentialAction\":[{\"@type\":\"ReadAction\",\"target\":[\"https:\\\/\\\/revistaidees.cat\\\/es\\\/autors\\\/roger-albinyana\\\/\"]}]},{\"@type\":\"ImageObject\",\"inLanguage\":\"es\",\"@id\":\"https:\\\/\\\/revistaidees.cat\\\/es\\\/autors\\\/roger-albinyana\\\/#primaryimage\",\"url\":\"https:\\\/\\\/i0.wp.com\\\/revistaidees.cat\\\/wp-content\\\/uploads\\\/2020\\\/10\\\/Roger-Albinyana-def.jpg?fit=374%2C250&ssl=1\",\"contentUrl\":\"https:\\\/\\\/i0.wp.com\\\/revistaidees.cat\\\/wp-content\\\/uploads\\\/2020\\\/10\\\/Roger-Albinyana-def.jpg?fit=374%2C250&ssl=1\",\"width\":374,\"height\":250,\"caption\":\"Roger Albinyana\"},{\"@type\":\"BreadcrumbList\",\"@id\":\"https:\\\/\\\/revistaidees.cat\\\/es\\\/autors\\\/roger-albinyana\\\/#breadcrumb\",\"itemListElement\":[{\"@type\":\"ListItem\",\"position\":1,\"name\":\"Inici\",\"item\":\"https:\\\/\\\/revistaidees.cat\\\/es\\\/\"},{\"@type\":\"ListItem\",\"position\":2,\"name\":\"Autors\",\"item\":\"https:\\\/\\\/revistaidees.cat\\\/autors\\\/\"},{\"@type\":\"ListItem\",\"position\":3,\"name\":\"Roger Albinyana\"}]},{\"@type\":\"WebSite\",\"@id\":\"https:\\\/\\\/revistaidees.cat\\\/#website\",\"url\":\"https:\\\/\\\/revistaidees.cat\\\/\",\"name\":\"IDEES\",\"description\":\"Revista de temas contempor\u00e1neos\",\"potentialAction\":[{\"@type\":\"SearchAction\",\"target\":{\"@type\":\"EntryPoint\",\"urlTemplate\":\"https:\\\/\\\/revistaidees.cat\\\/?s={search_term_string}\"},\"query-input\":{\"@type\":\"PropertyValueSpecification\",\"valueRequired\":true,\"valueName\":\"search_term_string\"}}],\"inLanguage\":\"es\"}]}<\/script>\n<!-- \/ Yoast SEO plugin. -->","yoast_head_json":{"title":"Roger Albinyana &#8211; IDEES","robots":{"index":"index","follow":"follow","max-snippet":"max-snippet:-1","max-image-preview":"max-image-preview:large","max-video-preview":"max-video-preview:-1"},"canonical":"https:\/\/revistaidees.cat\/es\/autors\/roger-albinyana\/","og_locale":"es_ES","og_type":"article","og_title":"Roger Albinyana &#8211; IDEES","og_description":"Roger Albinyana \u00e9s director gerent de l&#8217;Institut Europeu de la Mediterr\u00e0nia (IEMed) i professor associat de pol\u00edtica econ\u00f2mica internacional a la Facultat d&#8217;Economia i Empresa de la Universitat de Barcelona. Pr\u00e8viament, havia sigut director de Pol\u00edtiques Regionals Mediterr\u00e0nies i Desenvolupament Hum\u00e0 de l&#8217;IEMed. Tamb\u00e9 \u00e9s membre del patronat del CIDOB i del consell assessor de l&#8217;Associaci\u00f3 d&#8217;Economistes Euro-Mediterranis (EMEA). T\u00e9 un M\u00e0ster en Hist\u00f2ria Econ\u00f2mica per la UB i la UAB, un Grau en Economia per la UPF i un Grau en ADE per la UOC. Durant el per\u00edode 2013-2016 va ser secretari general d&#8217;Afers Exteriors i de la Uni\u00f3\u2026","og_url":"https:\/\/revistaidees.cat\/es\/autors\/roger-albinyana\/","og_site_name":"IDEES","article_modified_time":"2022-02-17T14:03:42+00:00","og_image":[{"width":374,"height":250,"url":"https:\/\/i0.wp.com\/revistaidees.cat\/wp-content\/uploads\/2020\/10\/Roger-Albinyana-def.jpg?fit=374%2C250&ssl=1","type":"image\/jpeg"}],"twitter_card":"summary_large_image","twitter_misc":{"Tiempo de lectura":"1 minuto"},"schema":{"@context":"https:\/\/schema.org","@graph":[{"@type":"WebPage","@id":"https:\/\/revistaidees.cat\/es\/autors\/roger-albinyana\/","url":"https:\/\/revistaidees.cat\/es\/autors\/roger-albinyana\/","name":"Roger Albinyana &#8211; IDEES","isPartOf":{"@id":"https:\/\/revistaidees.cat\/#website"},"primaryImageOfPage":{"@id":"https:\/\/revistaidees.cat\/es\/autors\/roger-albinyana\/#primaryimage"},"image":{"@id":"https:\/\/revistaidees.cat\/es\/autors\/roger-albinyana\/#primaryimage"},"thumbnailUrl":"https:\/\/i0.wp.com\/revistaidees.cat\/wp-content\/uploads\/2020\/10\/Roger-Albinyana-def.jpg?fit=374%2C250&ssl=1","datePublished":"2020-10-05T18:02:13+00:00","dateModified":"2022-02-17T14:03:42+00:00","breadcrumb":{"@id":"https:\/\/revistaidees.cat\/es\/autors\/roger-albinyana\/#breadcrumb"},"inLanguage":"es","potentialAction":[{"@type":"ReadAction","target":["https:\/\/revistaidees.cat\/es\/autors\/roger-albinyana\/"]}]},{"@type":"ImageObject","inLanguage":"es","@id":"https:\/\/revistaidees.cat\/es\/autors\/roger-albinyana\/#primaryimage","url":"https:\/\/i0.wp.com\/revistaidees.cat\/wp-content\/uploads\/2020\/10\/Roger-Albinyana-def.jpg?fit=374%2C250&ssl=1","contentUrl":"https:\/\/i0.wp.com\/revistaidees.cat\/wp-content\/uploads\/2020\/10\/Roger-Albinyana-def.jpg?fit=374%2C250&ssl=1","width":374,"height":250,"caption":"Roger Albinyana"},{"@type":"BreadcrumbList","@id":"https:\/\/revistaidees.cat\/es\/autors\/roger-albinyana\/#breadcrumb","itemListElement":[{"@type":"ListItem","position":1,"name":"Inici","item":"https:\/\/revistaidees.cat\/es\/"},{"@type":"ListItem","position":2,"name":"Autors","item":"https:\/\/revistaidees.cat\/autors\/"},{"@type":"ListItem","position":3,"name":"Roger Albinyana"}]},{"@type":"WebSite","@id":"https:\/\/revistaidees.cat\/#website","url":"https:\/\/revistaidees.cat\/","name":"IDEES","description":"Revista de temas contempor\u00e1neos","potentialAction":[{"@type":"SearchAction","target":{"@type":"EntryPoint","urlTemplate":"https:\/\/revistaidees.cat\/?s={search_term_string}"},"query-input":{"@type":"PropertyValueSpecification","valueRequired":true,"valueName":"search_term_string"}}],"inLanguage":"es"}]}},"jetpack_sharing_enabled":true,"_links":{"self":[{"href":"https:\/\/revistaidees.cat\/es\/wp-json\/wp\/v2\/autors\/21712","targetHints":{"allow":["GET"]}}],"collection":[{"href":"https:\/\/revistaidees.cat\/es\/wp-json\/wp\/v2\/autors"}],"about":[{"href":"https:\/\/revistaidees.cat\/es\/wp-json\/wp\/v2\/types\/autors"}],"version-history":[{"count":5,"href":"https:\/\/revistaidees.cat\/es\/wp-json\/wp\/v2\/autors\/21712\/revisions"}],"predecessor-version":[{"id":54196,"href":"https:\/\/revistaidees.cat\/es\/wp-json\/wp\/v2\/autors\/21712\/revisions\/54196"}],"wp:featuredmedia":[{"embeddable":true,"href":"https:\/\/revistaidees.cat\/es\/wp-json\/wp\/v2\/media\/22942"}],"wp:attachment":[{"href":"https:\/\/revistaidees.cat\/es\/wp-json\/wp\/v2\/media?parent=21712"}],"wp:term":[{"taxonomy":"category_autors","embeddable":true,"href":"https:\/\/revistaidees.cat\/es\/wp-json\/wp\/v2\/category_autors?post=21712"}],"curies":[{"name":"wp","href":"https:\/\/api.w.org\/{rel}","templated":true}]}}