{"id":21879,"date":"2020-09-29T21:48:12","date_gmt":"2020-09-29T21:48:12","guid":{"rendered":"https:\/\/revistaidees.cat\/?post_type=autors&#038;p=21879"},"modified":"2020-09-29T21:48:12","modified_gmt":"2020-09-29T21:48:12","slug":"roger-pala","status":"publish","type":"autors","link":"https:\/\/revistaidees.cat\/es\/autors\/roger-pala\/","title":{"rendered":"Roger Pal\u00e0"},"content":{"rendered":"\n<p>Roger Pal\u00e0 es periodista, editor y socio fundador del medio digital <a rel=\"noreferrer noopener\" aria-label=\"Cr\u00edtic (s'obre en una nova pestanya)\" href=\"https:\/\/www.elcritic.cat\/\" target=\"_blank\">Cr\u00edtic<\/a>, un proyecto especializado en periodismo de investigaci\u00f3n y an\u00e1lisis cr\u00edtico de la realidad social y pol\u00edtica en Catalunya que naci\u00f3 el a\u00f1o 2014. Licenciado en Periodismo por la Universidad Aut\u00f3noma de Barcelona, \u200b\u200bPal\u00e0 es uno de los impulsores del observatorio de medios M\u00e8dia.cat, del Grupo de Periodistas Ramon Barnils, y ha coordinado el Anuario M\u00e8dia.cat sobre los silencios medi\u00e1ticos. Colabora habitualmente en el programa de actualidad informativa <em>FAQS<\/em> de TV3, en el programa <em>No ho s\u00e9<\/em> de RAC1, en Betev\u00e9 y en El Peri\u00f3dico. Tambi\u00e9n ha formado parte del proyecto de La Directa y ha trabajado y colaborado en medios como Naci\u00f3 Digital, El Triangle, El Temps o el diario El Punt. Durante nueve a\u00f1os, fue jefe de redacci\u00f3n de la revista Enderrock.<\/p>\n","protected":false},"featured_media":59083,"template":"","category_autors":[],"class_list":["post-21879","autors","type-autors","status-publish","has-post-thumbnail","hentry"],"acf":[],"yoast_head":"<!-- This site is optimized with the Yoast SEO plugin v27.4 - https:\/\/yoast.com\/product\/yoast-seo-wordpress\/ -->\n<title>Roger Pal\u00e0 &#8211; IDEES<\/title>\n<meta name=\"robots\" content=\"index, follow, max-snippet:-1, max-image-preview:large, max-video-preview:-1\" \/>\n<link rel=\"canonical\" href=\"https:\/\/revistaidees.cat\/es\/autors\/roger-pala\/\" \/>\n<meta property=\"og:locale\" content=\"es_ES\" \/>\n<meta property=\"og:type\" content=\"article\" \/>\n<meta property=\"og:title\" content=\"Roger Pal\u00e0 &#8211; IDEES\" \/>\n<meta property=\"og:description\" content=\"Roger Pal\u00e0 es periodista, editor y socio fundador del medio digital Cr\u00edtic, un proyecto especializado en periodismo de investigaci\u00f3n y an\u00e1lisis cr\u00edtico de la realidad social y pol\u00edtica en Catalunya que naci\u00f3 el a\u00f1o 2014. Licenciado en Periodismo por la Universidad Aut\u00f3noma de Barcelona, \u200b\u200bPal\u00e0 es uno de los impulsores del observatorio de medios M\u00e8dia.cat, del Grupo de Periodistas Ramon Barnils, y ha coordinado el Anuario M\u00e8dia.cat sobre los silencios medi\u00e1ticos. Colabora habitualmente en el programa de actualidad informativa FAQS de TV3, en el programa No ho s\u00e9 de RAC1, en Betev\u00e9 y en El Peri\u00f3dico. Tambi\u00e9n ha formado parte\u2026\" \/>\n<meta property=\"og:url\" content=\"https:\/\/revistaidees.cat\/es\/autors\/roger-pala\/\" \/>\n<meta property=\"og:site_name\" content=\"IDEES\" \/>\n<meta property=\"og:image\" content=\"https:\/\/i0.wp.com\/revistaidees.cat\/wp-content\/uploads\/2020\/09\/Roger-Pala-def-1.jpg?fit=400%2C297&ssl=1\" \/>\n\t<meta property=\"og:image:width\" content=\"400\" \/>\n\t<meta property=\"og:image:height\" content=\"297\" \/>\n\t<meta property=\"og:image:type\" content=\"image\/jpeg\" \/>\n<meta name=\"twitter:card\" content=\"summary_large_image\" \/>\n<meta name=\"twitter:label1\" content=\"Tiempo de lectura\" \/>\n\t<meta name=\"twitter:data1\" content=\"1 minuto\" \/>\n<script type=\"application\/ld+json\" class=\"yoast-schema-graph\">{\"@context\":\"https:\\\/\\\/schema.org\",\"@graph\":[{\"@type\":\"WebPage\",\"@id\":\"https:\\\/\\\/revistaidees.cat\\\/es\\\/autors\\\/roger-pala\\\/\",\"url\":\"https:\\\/\\\/revistaidees.cat\\\/es\\\/autors\\\/roger-pala\\\/\",\"name\":\"Roger Pal\u00e0 &#8211; IDEES\",\"isPartOf\":{\"@id\":\"https:\\\/\\\/revistaidees.cat\\\/#website\"},\"primaryImageOfPage\":{\"@id\":\"https:\\\/\\\/revistaidees.cat\\\/es\\\/autors\\\/roger-pala\\\/#primaryimage\"},\"image\":{\"@id\":\"https:\\\/\\\/revistaidees.cat\\\/es\\\/autors\\\/roger-pala\\\/#primaryimage\"},\"thumbnailUrl\":\"https:\\\/\\\/i0.wp.com\\\/revistaidees.cat\\\/wp-content\\\/uploads\\\/2020\\\/09\\\/Roger-Pala-def-1.jpg?fit=400%2C297&ssl=1\",\"datePublished\":\"2020-09-29T21:48:12+00:00\",\"breadcrumb\":{\"@id\":\"https:\\\/\\\/revistaidees.cat\\\/es\\\/autors\\\/roger-pala\\\/#breadcrumb\"},\"inLanguage\":\"es\",\"potentialAction\":[{\"@type\":\"ReadAction\",\"target\":[\"https:\\\/\\\/revistaidees.cat\\\/es\\\/autors\\\/roger-pala\\\/\"]}]},{\"@type\":\"ImageObject\",\"inLanguage\":\"es\",\"@id\":\"https:\\\/\\\/revistaidees.cat\\\/es\\\/autors\\\/roger-pala\\\/#primaryimage\",\"url\":\"https:\\\/\\\/i0.wp.com\\\/revistaidees.cat\\\/wp-content\\\/uploads\\\/2020\\\/09\\\/Roger-Pala-def-1.jpg?fit=400%2C297&ssl=1\",\"contentUrl\":\"https:\\\/\\\/i0.wp.com\\\/revistaidees.cat\\\/wp-content\\\/uploads\\\/2020\\\/09\\\/Roger-Pala-def-1.jpg?fit=400%2C297&ssl=1\",\"width\":400,\"height\":297,\"caption\":\"Roger Pal\u00e0\"},{\"@type\":\"BreadcrumbList\",\"@id\":\"https:\\\/\\\/revistaidees.cat\\\/es\\\/autors\\\/roger-pala\\\/#breadcrumb\",\"itemListElement\":[{\"@type\":\"ListItem\",\"position\":1,\"name\":\"Inici\",\"item\":\"https:\\\/\\\/revistaidees.cat\\\/es\\\/\"},{\"@type\":\"ListItem\",\"position\":2,\"name\":\"Autors\",\"item\":\"https:\\\/\\\/revistaidees.cat\\\/autors\\\/\"},{\"@type\":\"ListItem\",\"position\":3,\"name\":\"Roger Pal\u00e0\"}]},{\"@type\":\"WebSite\",\"@id\":\"https:\\\/\\\/revistaidees.cat\\\/#website\",\"url\":\"https:\\\/\\\/revistaidees.cat\\\/\",\"name\":\"IDEES\",\"description\":\"Revista de temas contempor\u00e1neos\",\"potentialAction\":[{\"@type\":\"SearchAction\",\"target\":{\"@type\":\"EntryPoint\",\"urlTemplate\":\"https:\\\/\\\/revistaidees.cat\\\/?s={search_term_string}\"},\"query-input\":{\"@type\":\"PropertyValueSpecification\",\"valueRequired\":true,\"valueName\":\"search_term_string\"}}],\"inLanguage\":\"es\"}]}<\/script>\n<!-- \/ Yoast SEO plugin. -->","yoast_head_json":{"title":"Roger Pal\u00e0 &#8211; IDEES","robots":{"index":"index","follow":"follow","max-snippet":"max-snippet:-1","max-image-preview":"max-image-preview:large","max-video-preview":"max-video-preview:-1"},"canonical":"https:\/\/revistaidees.cat\/es\/autors\/roger-pala\/","og_locale":"es_ES","og_type":"article","og_title":"Roger Pal\u00e0 &#8211; IDEES","og_description":"Roger Pal\u00e0 es periodista, editor y socio fundador del medio digital Cr\u00edtic, un proyecto especializado en periodismo de investigaci\u00f3n y an\u00e1lisis cr\u00edtico de la realidad social y pol\u00edtica en Catalunya que naci\u00f3 el a\u00f1o 2014. Licenciado en Periodismo por la Universidad Aut\u00f3noma de Barcelona, \u200b\u200bPal\u00e0 es uno de los impulsores del observatorio de medios M\u00e8dia.cat, del Grupo de Periodistas Ramon Barnils, y ha coordinado el Anuario M\u00e8dia.cat sobre los silencios medi\u00e1ticos. Colabora habitualmente en el programa de actualidad informativa FAQS de TV3, en el programa No ho s\u00e9 de RAC1, en Betev\u00e9 y en El Peri\u00f3dico. Tambi\u00e9n ha formado parte\u2026","og_url":"https:\/\/revistaidees.cat\/es\/autors\/roger-pala\/","og_site_name":"IDEES","og_image":[{"width":400,"height":297,"url":"https:\/\/i0.wp.com\/revistaidees.cat\/wp-content\/uploads\/2020\/09\/Roger-Pala-def-1.jpg?fit=400%2C297&ssl=1","type":"image\/jpeg"}],"twitter_card":"summary_large_image","twitter_misc":{"Tiempo de lectura":"1 minuto"},"schema":{"@context":"https:\/\/schema.org","@graph":[{"@type":"WebPage","@id":"https:\/\/revistaidees.cat\/es\/autors\/roger-pala\/","url":"https:\/\/revistaidees.cat\/es\/autors\/roger-pala\/","name":"Roger Pal\u00e0 &#8211; IDEES","isPartOf":{"@id":"https:\/\/revistaidees.cat\/#website"},"primaryImageOfPage":{"@id":"https:\/\/revistaidees.cat\/es\/autors\/roger-pala\/#primaryimage"},"image":{"@id":"https:\/\/revistaidees.cat\/es\/autors\/roger-pala\/#primaryimage"},"thumbnailUrl":"https:\/\/i0.wp.com\/revistaidees.cat\/wp-content\/uploads\/2020\/09\/Roger-Pala-def-1.jpg?fit=400%2C297&ssl=1","datePublished":"2020-09-29T21:48:12+00:00","breadcrumb":{"@id":"https:\/\/revistaidees.cat\/es\/autors\/roger-pala\/#breadcrumb"},"inLanguage":"es","potentialAction":[{"@type":"ReadAction","target":["https:\/\/revistaidees.cat\/es\/autors\/roger-pala\/"]}]},{"@type":"ImageObject","inLanguage":"es","@id":"https:\/\/revistaidees.cat\/es\/autors\/roger-pala\/#primaryimage","url":"https:\/\/i0.wp.com\/revistaidees.cat\/wp-content\/uploads\/2020\/09\/Roger-Pala-def-1.jpg?fit=400%2C297&ssl=1","contentUrl":"https:\/\/i0.wp.com\/revistaidees.cat\/wp-content\/uploads\/2020\/09\/Roger-Pala-def-1.jpg?fit=400%2C297&ssl=1","width":400,"height":297,"caption":"Roger Pal\u00e0"},{"@type":"BreadcrumbList","@id":"https:\/\/revistaidees.cat\/es\/autors\/roger-pala\/#breadcrumb","itemListElement":[{"@type":"ListItem","position":1,"name":"Inici","item":"https:\/\/revistaidees.cat\/es\/"},{"@type":"ListItem","position":2,"name":"Autors","item":"https:\/\/revistaidees.cat\/autors\/"},{"@type":"ListItem","position":3,"name":"Roger Pal\u00e0"}]},{"@type":"WebSite","@id":"https:\/\/revistaidees.cat\/#website","url":"https:\/\/revistaidees.cat\/","name":"IDEES","description":"Revista de temas contempor\u00e1neos","potentialAction":[{"@type":"SearchAction","target":{"@type":"EntryPoint","urlTemplate":"https:\/\/revistaidees.cat\/?s={search_term_string}"},"query-input":{"@type":"PropertyValueSpecification","valueRequired":true,"valueName":"search_term_string"}}],"inLanguage":"es"}]}},"jetpack_sharing_enabled":true,"_links":{"self":[{"href":"https:\/\/revistaidees.cat\/es\/wp-json\/wp\/v2\/autors\/21879","targetHints":{"allow":["GET"]}}],"collection":[{"href":"https:\/\/revistaidees.cat\/es\/wp-json\/wp\/v2\/autors"}],"about":[{"href":"https:\/\/revistaidees.cat\/es\/wp-json\/wp\/v2\/types\/autors"}],"version-history":[{"count":1,"href":"https:\/\/revistaidees.cat\/es\/wp-json\/wp\/v2\/autors\/21879\/revisions"}],"predecessor-version":[{"id":21880,"href":"https:\/\/revistaidees.cat\/es\/wp-json\/wp\/v2\/autors\/21879\/revisions\/21880"}],"wp:featuredmedia":[{"embeddable":true,"href":"https:\/\/revistaidees.cat\/es\/wp-json\/wp\/v2\/media\/59083"}],"wp:attachment":[{"href":"https:\/\/revistaidees.cat\/es\/wp-json\/wp\/v2\/media?parent=21879"}],"wp:term":[{"taxonomy":"category_autors","embeddable":true,"href":"https:\/\/revistaidees.cat\/es\/wp-json\/wp\/v2\/category_autors?post=21879"}],"curies":[{"name":"wp","href":"https:\/\/api.w.org\/{rel}","templated":true}]}}