{"id":24367,"date":"2020-10-27T10:14:48","date_gmt":"2020-10-27T10:14:48","guid":{"rendered":"https:\/\/revistaidees.cat\/?post_type=autors&#038;p=24367"},"modified":"2020-11-09T13:17:37","modified_gmt":"2020-11-09T13:17:37","slug":"arnault-graves","status":"publish","type":"autors","link":"https:\/\/revistaidees.cat\/es\/autors\/arnault-graves\/","title":{"rendered":"Arnault Graves"},"content":{"rendered":"\n<p>Arnault Graves es, desde octubre de 2017, Asesor Senior en materia de clima de la Secretar\u00eda de la Uni\u00f3n por el Mediterr\u00e1neo (adscrito al Ministerio franc\u00e9s de Transici\u00f3n Ecol\u00f3gica). Es licenciado en Ingenier\u00eda de Medio Ambiente y Obras P\u00fablicas por la \u00c9cole Nationale des Travaux Publics (Francia), con un grado superior de ingeniero jefe \u00abhors classe\u00bb. Tiene m\u00e1s de 25 a\u00f1os de experiencia (incluidos 15 a\u00f1os en el extranjero), y ha desarrollado una gran pericia en varios sectores de la pol\u00edtica clim\u00e1tica. Entre 2012 y 2017 fue oficial superior y jefe del equipo Energ\u00eda Clima &#8211; Edificios Sostenibles en el Centro Franc\u00e9s de Estudios sobre Riesgos, Movilidad y Planificaci\u00f3n Urbana y Rural (CEREMA). Entre 2009 y 2012 fue consejero principal adjunto para el desarrollo sostenible, la industria y el transporte en el Servicio Econ\u00f3mico Regional de la Embajada de Francia en Mosc\u00fa. Anteriormente hab\u00eda trabajado como director de proyectos para el sector privado y como funcionario superior de la administraci\u00f3n p\u00fablica francesa, tanto en Francia como en el extranjero (Rusia y Uzbekist\u00e1n). <\/p>\n","protected":false},"featured_media":26358,"template":"","category_autors":[],"class_list":["post-24367","autors","type-autors","status-publish","has-post-thumbnail","hentry"],"acf":[],"yoast_head":"<!-- This site is optimized with the Yoast SEO plugin v27.5 - https:\/\/yoast.com\/product\/yoast-seo-wordpress\/ -->\n<title>Arnault Graves &#8211; IDEES<\/title>\n<meta name=\"robots\" content=\"index, follow, max-snippet:-1, max-image-preview:large, max-video-preview:-1\" \/>\n<link rel=\"canonical\" href=\"https:\/\/revistaidees.cat\/es\/autors\/arnault-graves\/\" \/>\n<meta property=\"og:locale\" content=\"es_ES\" \/>\n<meta property=\"og:type\" content=\"article\" \/>\n<meta property=\"og:title\" content=\"Arnault Graves &#8211; IDEES\" \/>\n<meta property=\"og:description\" content=\"Arnault Graves es, desde octubre de 2017, Asesor Senior en materia de clima de la Secretar\u00eda de la Uni\u00f3n por el Mediterr\u00e1neo (adscrito al Ministerio franc\u00e9s de Transici\u00f3n Ecol\u00f3gica). Es licenciado en Ingenier\u00eda de Medio Ambiente y Obras P\u00fablicas por la \u00c9cole Nationale des Travaux Publics (Francia), con un grado superior de ingeniero jefe \u00abhors classe\u00bb. Tiene m\u00e1s de 25 a\u00f1os de experiencia (incluidos 15 a\u00f1os en el extranjero), y ha desarrollado una gran pericia en varios sectores de la pol\u00edtica clim\u00e1tica. Entre 2012 y 2017 fue oficial superior y jefe del equipo Energ\u00eda Clima &#8211; Edificios Sostenibles en el\u2026\" \/>\n<meta property=\"og:url\" content=\"https:\/\/revistaidees.cat\/es\/autors\/arnault-graves\/\" \/>\n<meta property=\"og:site_name\" content=\"IDEES\" \/>\n<meta property=\"article:modified_time\" content=\"2020-11-09T13:17:37+00:00\" \/>\n<meta property=\"og:image\" content=\"https:\/\/i0.wp.com\/revistaidees.cat\/wp-content\/uploads\/2020\/10\/Arnault-Graves-def.jpg?fit=945%2C656&ssl=1\" \/>\n\t<meta property=\"og:image:width\" content=\"945\" \/>\n\t<meta property=\"og:image:height\" content=\"656\" \/>\n\t<meta property=\"og:image:type\" content=\"image\/jpeg\" \/>\n<meta name=\"twitter:card\" content=\"summary_large_image\" \/>\n<meta name=\"twitter:label1\" content=\"Tiempo de lectura\" \/>\n\t<meta name=\"twitter:data1\" content=\"1 minuto\" \/>\n<script type=\"application\/ld+json\" class=\"yoast-schema-graph\">{\"@context\":\"https:\\\/\\\/schema.org\",\"@graph\":[{\"@type\":\"WebPage\",\"@id\":\"https:\\\/\\\/revistaidees.cat\\\/es\\\/autors\\\/arnault-graves\\\/\",\"url\":\"https:\\\/\\\/revistaidees.cat\\\/es\\\/autors\\\/arnault-graves\\\/\",\"name\":\"Arnault Graves &#8211; IDEES\",\"isPartOf\":{\"@id\":\"https:\\\/\\\/revistaidees.cat\\\/#website\"},\"primaryImageOfPage\":{\"@id\":\"https:\\\/\\\/revistaidees.cat\\\/es\\\/autors\\\/arnault-graves\\\/#primaryimage\"},\"image\":{\"@id\":\"https:\\\/\\\/revistaidees.cat\\\/es\\\/autors\\\/arnault-graves\\\/#primaryimage\"},\"thumbnailUrl\":\"https:\\\/\\\/i0.wp.com\\\/revistaidees.cat\\\/wp-content\\\/uploads\\\/2020\\\/10\\\/Arnault-Graves-def.jpg?fit=945%2C656&ssl=1\",\"datePublished\":\"2020-10-27T10:14:48+00:00\",\"dateModified\":\"2020-11-09T13:17:37+00:00\",\"breadcrumb\":{\"@id\":\"https:\\\/\\\/revistaidees.cat\\\/es\\\/autors\\\/arnault-graves\\\/#breadcrumb\"},\"inLanguage\":\"es\",\"potentialAction\":[{\"@type\":\"ReadAction\",\"target\":[\"https:\\\/\\\/revistaidees.cat\\\/es\\\/autors\\\/arnault-graves\\\/\"]}]},{\"@type\":\"ImageObject\",\"inLanguage\":\"es\",\"@id\":\"https:\\\/\\\/revistaidees.cat\\\/es\\\/autors\\\/arnault-graves\\\/#primaryimage\",\"url\":\"https:\\\/\\\/i0.wp.com\\\/revistaidees.cat\\\/wp-content\\\/uploads\\\/2020\\\/10\\\/Arnault-Graves-def.jpg?fit=945%2C656&ssl=1\",\"contentUrl\":\"https:\\\/\\\/i0.wp.com\\\/revistaidees.cat\\\/wp-content\\\/uploads\\\/2020\\\/10\\\/Arnault-Graves-def.jpg?fit=945%2C656&ssl=1\",\"width\":945,\"height\":656,\"caption\":\"Arnault Graves\"},{\"@type\":\"BreadcrumbList\",\"@id\":\"https:\\\/\\\/revistaidees.cat\\\/es\\\/autors\\\/arnault-graves\\\/#breadcrumb\",\"itemListElement\":[{\"@type\":\"ListItem\",\"position\":1,\"name\":\"Inici\",\"item\":\"https:\\\/\\\/revistaidees.cat\\\/es\\\/\"},{\"@type\":\"ListItem\",\"position\":2,\"name\":\"Autors\",\"item\":\"https:\\\/\\\/revistaidees.cat\\\/autors\\\/\"},{\"@type\":\"ListItem\",\"position\":3,\"name\":\"Arnault Graves\"}]},{\"@type\":\"WebSite\",\"@id\":\"https:\\\/\\\/revistaidees.cat\\\/#website\",\"url\":\"https:\\\/\\\/revistaidees.cat\\\/\",\"name\":\"IDEES\",\"description\":\"Revista de temas contempor\u00e1neos\",\"potentialAction\":[{\"@type\":\"SearchAction\",\"target\":{\"@type\":\"EntryPoint\",\"urlTemplate\":\"https:\\\/\\\/revistaidees.cat\\\/?s={search_term_string}\"},\"query-input\":{\"@type\":\"PropertyValueSpecification\",\"valueRequired\":true,\"valueName\":\"search_term_string\"}}],\"inLanguage\":\"es\"}]}<\/script>\n<!-- \/ Yoast SEO plugin. -->","yoast_head_json":{"title":"Arnault Graves &#8211; IDEES","robots":{"index":"index","follow":"follow","max-snippet":"max-snippet:-1","max-image-preview":"max-image-preview:large","max-video-preview":"max-video-preview:-1"},"canonical":"https:\/\/revistaidees.cat\/es\/autors\/arnault-graves\/","og_locale":"es_ES","og_type":"article","og_title":"Arnault Graves &#8211; IDEES","og_description":"Arnault Graves es, desde octubre de 2017, Asesor Senior en materia de clima de la Secretar\u00eda de la Uni\u00f3n por el Mediterr\u00e1neo (adscrito al Ministerio franc\u00e9s de Transici\u00f3n Ecol\u00f3gica). Es licenciado en Ingenier\u00eda de Medio Ambiente y Obras P\u00fablicas por la \u00c9cole Nationale des Travaux Publics (Francia), con un grado superior de ingeniero jefe \u00abhors classe\u00bb. Tiene m\u00e1s de 25 a\u00f1os de experiencia (incluidos 15 a\u00f1os en el extranjero), y ha desarrollado una gran pericia en varios sectores de la pol\u00edtica clim\u00e1tica. Entre 2012 y 2017 fue oficial superior y jefe del equipo Energ\u00eda Clima &#8211; Edificios Sostenibles en el\u2026","og_url":"https:\/\/revistaidees.cat\/es\/autors\/arnault-graves\/","og_site_name":"IDEES","article_modified_time":"2020-11-09T13:17:37+00:00","og_image":[{"width":945,"height":656,"url":"https:\/\/i0.wp.com\/revistaidees.cat\/wp-content\/uploads\/2020\/10\/Arnault-Graves-def.jpg?fit=945%2C656&ssl=1","type":"image\/jpeg"}],"twitter_card":"summary_large_image","twitter_misc":{"Tiempo de lectura":"1 minuto"},"schema":{"@context":"https:\/\/schema.org","@graph":[{"@type":"WebPage","@id":"https:\/\/revistaidees.cat\/es\/autors\/arnault-graves\/","url":"https:\/\/revistaidees.cat\/es\/autors\/arnault-graves\/","name":"Arnault Graves &#8211; IDEES","isPartOf":{"@id":"https:\/\/revistaidees.cat\/#website"},"primaryImageOfPage":{"@id":"https:\/\/revistaidees.cat\/es\/autors\/arnault-graves\/#primaryimage"},"image":{"@id":"https:\/\/revistaidees.cat\/es\/autors\/arnault-graves\/#primaryimage"},"thumbnailUrl":"https:\/\/i0.wp.com\/revistaidees.cat\/wp-content\/uploads\/2020\/10\/Arnault-Graves-def.jpg?fit=945%2C656&ssl=1","datePublished":"2020-10-27T10:14:48+00:00","dateModified":"2020-11-09T13:17:37+00:00","breadcrumb":{"@id":"https:\/\/revistaidees.cat\/es\/autors\/arnault-graves\/#breadcrumb"},"inLanguage":"es","potentialAction":[{"@type":"ReadAction","target":["https:\/\/revistaidees.cat\/es\/autors\/arnault-graves\/"]}]},{"@type":"ImageObject","inLanguage":"es","@id":"https:\/\/revistaidees.cat\/es\/autors\/arnault-graves\/#primaryimage","url":"https:\/\/i0.wp.com\/revistaidees.cat\/wp-content\/uploads\/2020\/10\/Arnault-Graves-def.jpg?fit=945%2C656&ssl=1","contentUrl":"https:\/\/i0.wp.com\/revistaidees.cat\/wp-content\/uploads\/2020\/10\/Arnault-Graves-def.jpg?fit=945%2C656&ssl=1","width":945,"height":656,"caption":"Arnault Graves"},{"@type":"BreadcrumbList","@id":"https:\/\/revistaidees.cat\/es\/autors\/arnault-graves\/#breadcrumb","itemListElement":[{"@type":"ListItem","position":1,"name":"Inici","item":"https:\/\/revistaidees.cat\/es\/"},{"@type":"ListItem","position":2,"name":"Autors","item":"https:\/\/revistaidees.cat\/autors\/"},{"@type":"ListItem","position":3,"name":"Arnault Graves"}]},{"@type":"WebSite","@id":"https:\/\/revistaidees.cat\/#website","url":"https:\/\/revistaidees.cat\/","name":"IDEES","description":"Revista de temas contempor\u00e1neos","potentialAction":[{"@type":"SearchAction","target":{"@type":"EntryPoint","urlTemplate":"https:\/\/revistaidees.cat\/?s={search_term_string}"},"query-input":{"@type":"PropertyValueSpecification","valueRequired":true,"valueName":"search_term_string"}}],"inLanguage":"es"}]}},"jetpack_sharing_enabled":true,"_links":{"self":[{"href":"https:\/\/revistaidees.cat\/es\/wp-json\/wp\/v2\/autors\/24367","targetHints":{"allow":["GET"]}}],"collection":[{"href":"https:\/\/revistaidees.cat\/es\/wp-json\/wp\/v2\/autors"}],"about":[{"href":"https:\/\/revistaidees.cat\/es\/wp-json\/wp\/v2\/types\/autors"}],"version-history":[{"count":2,"href":"https:\/\/revistaidees.cat\/es\/wp-json\/wp\/v2\/autors\/24367\/revisions"}],"predecessor-version":[{"id":24370,"href":"https:\/\/revistaidees.cat\/es\/wp-json\/wp\/v2\/autors\/24367\/revisions\/24370"}],"wp:featuredmedia":[{"embeddable":true,"href":"https:\/\/revistaidees.cat\/es\/wp-json\/wp\/v2\/media\/26358"}],"wp:attachment":[{"href":"https:\/\/revistaidees.cat\/es\/wp-json\/wp\/v2\/media?parent=24367"}],"wp:term":[{"taxonomy":"category_autors","embeddable":true,"href":"https:\/\/revistaidees.cat\/es\/wp-json\/wp\/v2\/category_autors?post=24367"}],"curies":[{"name":"wp","href":"https:\/\/api.w.org\/{rel}","templated":true}]}}