{"id":27804,"date":"2020-11-24T19:46:30","date_gmt":"2020-11-24T19:46:30","guid":{"rendered":"https:\/\/revistaidees.cat\/?post_type=autors&#038;p=27804"},"modified":"2020-11-24T19:54:19","modified_gmt":"2020-11-24T19:54:19","slug":"santiago-alba-rico","status":"publish","type":"autors","link":"https:\/\/revistaidees.cat\/es\/autors\/santiago-alba-rico\/","title":{"rendered":"Santiago Alba Rico"},"content":{"rendered":"\n<p>Santiago Alba Rico es escritor y ensayista. Estudi\u00f3 Filosof\u00eda en la Universidad Complutense de Madrid. En los a\u00f1os ochenta fue guionista del m\u00edtico programa de televisi\u00f3n <em>La bola de cristal<\/em>. Ha publicado m\u00e1s de veinte libros sobre pol\u00edtica, filosof\u00eda y literatura, as\u00ed como tres cuentos para ni\u00f1os y una obra de teatro. Su ensayo, <em>Las reglas del caos<\/em>, fue finalista del premio Anagrama 1995. Desde 1998 vive centrado en el mundo \u00e1rabe, habiendo traducido al castellano al poeta egipcio Naguib Surur y al novelista iraqu\u00ed Mohammed Jydair. Durante a\u00f1os ha dado clases de literatura en el instituto Cervantes. Sus \u00faltimos libros son <em>Ser o no ser (un cuerpo)<\/em> (Seix Barral, 2017), <em>Todo el pasado por delante<\/em> (Los libros de la catarata, 2017) y <em>Nadie est\u00e1 seguro con un libro en las manos<\/em> (Catarata, 2018). Colabora habitualmente con distintos medios de comunicaci\u00f3n como P\u00fablico, Cuarto Poder, CTXT, Diari ARA o El Pa\u00eds, entre otros. En 2019, bajo el t\u00edtulo <em>\u00daltima hora<\/em>, recogi\u00f3 sus colaboraciones radiof\u00f3nicas con el programa Carne Cruda.<\/p>\n","protected":false},"featured_media":27933,"template":"","category_autors":[],"class_list":["post-27804","autors","type-autors","status-publish","has-post-thumbnail","hentry"],"acf":[],"yoast_head":"<!-- This site is optimized with the Yoast SEO plugin v27.4 - https:\/\/yoast.com\/product\/yoast-seo-wordpress\/ -->\n<title>Santiago Alba Rico &#8211; IDEES<\/title>\n<meta name=\"robots\" content=\"index, follow, max-snippet:-1, max-image-preview:large, max-video-preview:-1\" \/>\n<link rel=\"canonical\" href=\"https:\/\/revistaidees.cat\/es\/autors\/santiago-alba-rico\/\" \/>\n<meta property=\"og:locale\" content=\"es_ES\" \/>\n<meta property=\"og:type\" content=\"article\" \/>\n<meta property=\"og:title\" content=\"Santiago Alba Rico &#8211; IDEES\" \/>\n<meta property=\"og:description\" content=\"Santiago Alba Rico es escritor y ensayista. Estudi\u00f3 Filosof\u00eda en la Universidad Complutense de Madrid. En los a\u00f1os ochenta fue guionista del m\u00edtico programa de televisi\u00f3n La bola de cristal. Ha publicado m\u00e1s de veinte libros sobre pol\u00edtica, filosof\u00eda y literatura, as\u00ed como tres cuentos para ni\u00f1os y una obra de teatro. Su ensayo, Las reglas del caos, fue finalista del premio Anagrama 1995. Desde 1998 vive centrado en el mundo \u00e1rabe, habiendo traducido al castellano al poeta egipcio Naguib Surur y al novelista iraqu\u00ed Mohammed Jydair. Durante a\u00f1os ha dado clases de literatura en el instituto Cervantes. Sus \u00faltimos\u2026\" \/>\n<meta property=\"og:url\" content=\"https:\/\/revistaidees.cat\/es\/autors\/santiago-alba-rico\/\" \/>\n<meta property=\"og:site_name\" content=\"IDEES\" \/>\n<meta property=\"article:modified_time\" content=\"2020-11-24T19:54:19+00:00\" \/>\n<meta property=\"og:image\" content=\"https:\/\/i0.wp.com\/revistaidees.cat\/wp-content\/uploads\/2020\/11\/Santiago-Alba-Rico-def.jpg?fit=896%2C660&ssl=1\" \/>\n\t<meta property=\"og:image:width\" content=\"896\" \/>\n\t<meta property=\"og:image:height\" content=\"660\" \/>\n\t<meta property=\"og:image:type\" content=\"image\/jpeg\" \/>\n<meta name=\"twitter:card\" content=\"summary_large_image\" \/>\n<meta name=\"twitter:label1\" content=\"Tiempo de lectura\" \/>\n\t<meta name=\"twitter:data1\" content=\"1 minuto\" \/>\n<script type=\"application\/ld+json\" class=\"yoast-schema-graph\">{\"@context\":\"https:\\\/\\\/schema.org\",\"@graph\":[{\"@type\":\"WebPage\",\"@id\":\"https:\\\/\\\/revistaidees.cat\\\/es\\\/autors\\\/santiago-alba-rico\\\/\",\"url\":\"https:\\\/\\\/revistaidees.cat\\\/es\\\/autors\\\/santiago-alba-rico\\\/\",\"name\":\"Santiago Alba Rico &#8211; IDEES\",\"isPartOf\":{\"@id\":\"https:\\\/\\\/revistaidees.cat\\\/#website\"},\"primaryImageOfPage\":{\"@id\":\"https:\\\/\\\/revistaidees.cat\\\/es\\\/autors\\\/santiago-alba-rico\\\/#primaryimage\"},\"image\":{\"@id\":\"https:\\\/\\\/revistaidees.cat\\\/es\\\/autors\\\/santiago-alba-rico\\\/#primaryimage\"},\"thumbnailUrl\":\"https:\\\/\\\/i0.wp.com\\\/revistaidees.cat\\\/wp-content\\\/uploads\\\/2020\\\/11\\\/Santiago-Alba-Rico-def.jpg?fit=896%2C660&ssl=1\",\"datePublished\":\"2020-11-24T19:46:30+00:00\",\"dateModified\":\"2020-11-24T19:54:19+00:00\",\"breadcrumb\":{\"@id\":\"https:\\\/\\\/revistaidees.cat\\\/es\\\/autors\\\/santiago-alba-rico\\\/#breadcrumb\"},\"inLanguage\":\"es\",\"potentialAction\":[{\"@type\":\"ReadAction\",\"target\":[\"https:\\\/\\\/revistaidees.cat\\\/es\\\/autors\\\/santiago-alba-rico\\\/\"]}]},{\"@type\":\"ImageObject\",\"inLanguage\":\"es\",\"@id\":\"https:\\\/\\\/revistaidees.cat\\\/es\\\/autors\\\/santiago-alba-rico\\\/#primaryimage\",\"url\":\"https:\\\/\\\/i0.wp.com\\\/revistaidees.cat\\\/wp-content\\\/uploads\\\/2020\\\/11\\\/Santiago-Alba-Rico-def.jpg?fit=896%2C660&ssl=1\",\"contentUrl\":\"https:\\\/\\\/i0.wp.com\\\/revistaidees.cat\\\/wp-content\\\/uploads\\\/2020\\\/11\\\/Santiago-Alba-Rico-def.jpg?fit=896%2C660&ssl=1\",\"width\":896,\"height\":660,\"caption\":\"Santiago Alba Rico\"},{\"@type\":\"BreadcrumbList\",\"@id\":\"https:\\\/\\\/revistaidees.cat\\\/es\\\/autors\\\/santiago-alba-rico\\\/#breadcrumb\",\"itemListElement\":[{\"@type\":\"ListItem\",\"position\":1,\"name\":\"Inici\",\"item\":\"https:\\\/\\\/revistaidees.cat\\\/es\\\/\"},{\"@type\":\"ListItem\",\"position\":2,\"name\":\"Autors\",\"item\":\"https:\\\/\\\/revistaidees.cat\\\/autors\\\/\"},{\"@type\":\"ListItem\",\"position\":3,\"name\":\"Santiago Alba Rico\"}]},{\"@type\":\"WebSite\",\"@id\":\"https:\\\/\\\/revistaidees.cat\\\/#website\",\"url\":\"https:\\\/\\\/revistaidees.cat\\\/\",\"name\":\"IDEES\",\"description\":\"Revista de temas contempor\u00e1neos\",\"potentialAction\":[{\"@type\":\"SearchAction\",\"target\":{\"@type\":\"EntryPoint\",\"urlTemplate\":\"https:\\\/\\\/revistaidees.cat\\\/?s={search_term_string}\"},\"query-input\":{\"@type\":\"PropertyValueSpecification\",\"valueRequired\":true,\"valueName\":\"search_term_string\"}}],\"inLanguage\":\"es\"}]}<\/script>\n<!-- \/ Yoast SEO plugin. -->","yoast_head_json":{"title":"Santiago Alba Rico &#8211; IDEES","robots":{"index":"index","follow":"follow","max-snippet":"max-snippet:-1","max-image-preview":"max-image-preview:large","max-video-preview":"max-video-preview:-1"},"canonical":"https:\/\/revistaidees.cat\/es\/autors\/santiago-alba-rico\/","og_locale":"es_ES","og_type":"article","og_title":"Santiago Alba Rico &#8211; IDEES","og_description":"Santiago Alba Rico es escritor y ensayista. Estudi\u00f3 Filosof\u00eda en la Universidad Complutense de Madrid. En los a\u00f1os ochenta fue guionista del m\u00edtico programa de televisi\u00f3n La bola de cristal. Ha publicado m\u00e1s de veinte libros sobre pol\u00edtica, filosof\u00eda y literatura, as\u00ed como tres cuentos para ni\u00f1os y una obra de teatro. Su ensayo, Las reglas del caos, fue finalista del premio Anagrama 1995. Desde 1998 vive centrado en el mundo \u00e1rabe, habiendo traducido al castellano al poeta egipcio Naguib Surur y al novelista iraqu\u00ed Mohammed Jydair. Durante a\u00f1os ha dado clases de literatura en el instituto Cervantes. Sus \u00faltimos\u2026","og_url":"https:\/\/revistaidees.cat\/es\/autors\/santiago-alba-rico\/","og_site_name":"IDEES","article_modified_time":"2020-11-24T19:54:19+00:00","og_image":[{"width":896,"height":660,"url":"https:\/\/i0.wp.com\/revistaidees.cat\/wp-content\/uploads\/2020\/11\/Santiago-Alba-Rico-def.jpg?fit=896%2C660&ssl=1","type":"image\/jpeg"}],"twitter_card":"summary_large_image","twitter_misc":{"Tiempo de lectura":"1 minuto"},"schema":{"@context":"https:\/\/schema.org","@graph":[{"@type":"WebPage","@id":"https:\/\/revistaidees.cat\/es\/autors\/santiago-alba-rico\/","url":"https:\/\/revistaidees.cat\/es\/autors\/santiago-alba-rico\/","name":"Santiago Alba Rico &#8211; IDEES","isPartOf":{"@id":"https:\/\/revistaidees.cat\/#website"},"primaryImageOfPage":{"@id":"https:\/\/revistaidees.cat\/es\/autors\/santiago-alba-rico\/#primaryimage"},"image":{"@id":"https:\/\/revistaidees.cat\/es\/autors\/santiago-alba-rico\/#primaryimage"},"thumbnailUrl":"https:\/\/i0.wp.com\/revistaidees.cat\/wp-content\/uploads\/2020\/11\/Santiago-Alba-Rico-def.jpg?fit=896%2C660&ssl=1","datePublished":"2020-11-24T19:46:30+00:00","dateModified":"2020-11-24T19:54:19+00:00","breadcrumb":{"@id":"https:\/\/revistaidees.cat\/es\/autors\/santiago-alba-rico\/#breadcrumb"},"inLanguage":"es","potentialAction":[{"@type":"ReadAction","target":["https:\/\/revistaidees.cat\/es\/autors\/santiago-alba-rico\/"]}]},{"@type":"ImageObject","inLanguage":"es","@id":"https:\/\/revistaidees.cat\/es\/autors\/santiago-alba-rico\/#primaryimage","url":"https:\/\/i0.wp.com\/revistaidees.cat\/wp-content\/uploads\/2020\/11\/Santiago-Alba-Rico-def.jpg?fit=896%2C660&ssl=1","contentUrl":"https:\/\/i0.wp.com\/revistaidees.cat\/wp-content\/uploads\/2020\/11\/Santiago-Alba-Rico-def.jpg?fit=896%2C660&ssl=1","width":896,"height":660,"caption":"Santiago Alba Rico"},{"@type":"BreadcrumbList","@id":"https:\/\/revistaidees.cat\/es\/autors\/santiago-alba-rico\/#breadcrumb","itemListElement":[{"@type":"ListItem","position":1,"name":"Inici","item":"https:\/\/revistaidees.cat\/es\/"},{"@type":"ListItem","position":2,"name":"Autors","item":"https:\/\/revistaidees.cat\/autors\/"},{"@type":"ListItem","position":3,"name":"Santiago Alba Rico"}]},{"@type":"WebSite","@id":"https:\/\/revistaidees.cat\/#website","url":"https:\/\/revistaidees.cat\/","name":"IDEES","description":"Revista de temas contempor\u00e1neos","potentialAction":[{"@type":"SearchAction","target":{"@type":"EntryPoint","urlTemplate":"https:\/\/revistaidees.cat\/?s={search_term_string}"},"query-input":{"@type":"PropertyValueSpecification","valueRequired":true,"valueName":"search_term_string"}}],"inLanguage":"es"}]}},"jetpack_sharing_enabled":true,"_links":{"self":[{"href":"https:\/\/revistaidees.cat\/es\/wp-json\/wp\/v2\/autors\/27804","targetHints":{"allow":["GET"]}}],"collection":[{"href":"https:\/\/revistaidees.cat\/es\/wp-json\/wp\/v2\/autors"}],"about":[{"href":"https:\/\/revistaidees.cat\/es\/wp-json\/wp\/v2\/types\/autors"}],"version-history":[{"count":5,"href":"https:\/\/revistaidees.cat\/es\/wp-json\/wp\/v2\/autors\/27804\/revisions"}],"predecessor-version":[{"id":27943,"href":"https:\/\/revistaidees.cat\/es\/wp-json\/wp\/v2\/autors\/27804\/revisions\/27943"}],"wp:featuredmedia":[{"embeddable":true,"href":"https:\/\/revistaidees.cat\/es\/wp-json\/wp\/v2\/media\/27933"}],"wp:attachment":[{"href":"https:\/\/revistaidees.cat\/es\/wp-json\/wp\/v2\/media?parent=27804"}],"wp:term":[{"taxonomy":"category_autors","embeddable":true,"href":"https:\/\/revistaidees.cat\/es\/wp-json\/wp\/v2\/category_autors?post=27804"}],"curies":[{"name":"wp","href":"https:\/\/api.w.org\/{rel}","templated":true}]}}