{"id":45486,"date":"2021-07-24T08:15:30","date_gmt":"2021-07-24T08:15:30","guid":{"rendered":"https:\/\/revistaidees.cat\/?post_type=autors&#038;p=45486"},"modified":"2021-07-24T09:45:16","modified_gmt":"2021-07-24T09:45:16","slug":"amelia-saiz-lopez","status":"publish","type":"autors","link":"https:\/\/revistaidees.cat\/es\/autors\/amelia-saiz-lopez\/","title":{"rendered":"Amelia S\u00e1iz L\u00f3pez"},"content":{"rendered":"\n<p>Amelia\u00a0S\u00e1iz\u00a0L\u00f3pez es profesora de Estudios de Asia Oriental en la Universidad Aut\u00f3noma de Barcelona, miembro del grupo de investigaci\u00f3n Inter-Asia y integrante del Centre d\u2019Estudis i Recerca d\u2019Asia Oriental (CERAO) de la misma universidad. Tiene una trayectoria de m\u00e1s de veinte a\u00f1os investigando la presencia china en Espa\u00f1a, prestando una especial atenci\u00f3n a las mujeres chinas, inter\u00e9s que conecta con su estudio de la sociedad china desde una perspectiva de g\u00e9nero. En los \u00faltimos a\u00f1os tambi\u00e9n ha investigado sobre las representaciones en la producci\u00f3n espa\u00f1ola en relaci\u00f3n con la presencia china. Autora de <em>Utop\u00eda y g\u00e9nero: las mujeres chinas en el siglo XX<\/em> (2001), tambi\u00e9n ha coeditado junto con Joaqu\u00edn Beltr\u00e1n y Francisco Haro el libro <em>Representaciones de China en las Am\u00e9ricas y la Pen\u00ednsula Ib\u00e9rica<\/em> (2016), y con Mar\u00eda Montt Strabucchi ha publicado la obra <em>Narrativas de lo chino en las Am\u00e9ricas y la Pen\u00ednsula Ib\u00e9rica<\/em> (2020).<\/p>\n","protected":false},"featured_media":45210,"template":"","category_autors":[],"class_list":["post-45486","autors","type-autors","status-publish","has-post-thumbnail","hentry"],"acf":[],"yoast_head":"<!-- This site is optimized with the Yoast SEO plugin v27.4 - https:\/\/yoast.com\/product\/yoast-seo-wordpress\/ -->\n<title>Amelia S\u00e1iz L\u00f3pez &#8211; IDEES<\/title>\n<meta name=\"robots\" content=\"index, follow, max-snippet:-1, max-image-preview:large, max-video-preview:-1\" \/>\n<link rel=\"canonical\" href=\"https:\/\/revistaidees.cat\/es\/autors\/amelia-saiz-lopez\/\" \/>\n<meta property=\"og:locale\" content=\"es_ES\" \/>\n<meta property=\"og:type\" content=\"article\" \/>\n<meta property=\"og:title\" content=\"Amelia S\u00e1iz L\u00f3pez &#8211; IDEES\" \/>\n<meta property=\"og:description\" content=\"Amelia\u00a0S\u00e1iz\u00a0L\u00f3pez es profesora de Estudios de Asia Oriental en la Universidad Aut\u00f3noma de Barcelona, miembro del grupo de investigaci\u00f3n Inter-Asia y integrante del Centre d\u2019Estudis i Recerca d\u2019Asia Oriental (CERAO) de la misma universidad. Tiene una trayectoria de m\u00e1s de veinte a\u00f1os investigando la presencia china en Espa\u00f1a, prestando una especial atenci\u00f3n a las mujeres chinas, inter\u00e9s que conecta con su estudio de la sociedad china desde una perspectiva de g\u00e9nero. En los \u00faltimos a\u00f1os tambi\u00e9n ha investigado sobre las representaciones en la producci\u00f3n espa\u00f1ola en relaci\u00f3n con la presencia china. Autora de Utop\u00eda y g\u00e9nero: las mujeres chinas en\u2026\" \/>\n<meta property=\"og:url\" content=\"https:\/\/revistaidees.cat\/es\/autors\/amelia-saiz-lopez\/\" \/>\n<meta property=\"og:site_name\" content=\"IDEES\" \/>\n<meta property=\"article:modified_time\" content=\"2021-07-24T09:45:16+00:00\" \/>\n<meta property=\"og:image\" content=\"https:\/\/i0.wp.com\/revistaidees.cat\/wp-content\/uploads\/2021\/07\/Amelia-Saiz-def.png?fit=538%2C365&ssl=1\" \/>\n\t<meta property=\"og:image:width\" content=\"538\" \/>\n\t<meta property=\"og:image:height\" content=\"365\" \/>\n\t<meta property=\"og:image:type\" content=\"image\/png\" \/>\n<meta name=\"twitter:card\" content=\"summary_large_image\" \/>\n<meta name=\"twitter:label1\" content=\"Tiempo de lectura\" \/>\n\t<meta name=\"twitter:data1\" content=\"1 minuto\" \/>\n<script type=\"application\/ld+json\" class=\"yoast-schema-graph\">{\"@context\":\"https:\\\/\\\/schema.org\",\"@graph\":[{\"@type\":\"WebPage\",\"@id\":\"https:\\\/\\\/revistaidees.cat\\\/es\\\/autors\\\/amelia-saiz-lopez\\\/\",\"url\":\"https:\\\/\\\/revistaidees.cat\\\/es\\\/autors\\\/amelia-saiz-lopez\\\/\",\"name\":\"Amelia S\u00e1iz L\u00f3pez &#8211; IDEES\",\"isPartOf\":{\"@id\":\"https:\\\/\\\/revistaidees.cat\\\/#website\"},\"primaryImageOfPage\":{\"@id\":\"https:\\\/\\\/revistaidees.cat\\\/es\\\/autors\\\/amelia-saiz-lopez\\\/#primaryimage\"},\"image\":{\"@id\":\"https:\\\/\\\/revistaidees.cat\\\/es\\\/autors\\\/amelia-saiz-lopez\\\/#primaryimage\"},\"thumbnailUrl\":\"https:\\\/\\\/i0.wp.com\\\/revistaidees.cat\\\/wp-content\\\/uploads\\\/2021\\\/07\\\/Amelia-Saiz-def.png?fit=538%2C365&ssl=1\",\"datePublished\":\"2021-07-24T08:15:30+00:00\",\"dateModified\":\"2021-07-24T09:45:16+00:00\",\"breadcrumb\":{\"@id\":\"https:\\\/\\\/revistaidees.cat\\\/es\\\/autors\\\/amelia-saiz-lopez\\\/#breadcrumb\"},\"inLanguage\":\"es\",\"potentialAction\":[{\"@type\":\"ReadAction\",\"target\":[\"https:\\\/\\\/revistaidees.cat\\\/es\\\/autors\\\/amelia-saiz-lopez\\\/\"]}]},{\"@type\":\"ImageObject\",\"inLanguage\":\"es\",\"@id\":\"https:\\\/\\\/revistaidees.cat\\\/es\\\/autors\\\/amelia-saiz-lopez\\\/#primaryimage\",\"url\":\"https:\\\/\\\/i0.wp.com\\\/revistaidees.cat\\\/wp-content\\\/uploads\\\/2021\\\/07\\\/Amelia-Saiz-def.png?fit=538%2C365&ssl=1\",\"contentUrl\":\"https:\\\/\\\/i0.wp.com\\\/revistaidees.cat\\\/wp-content\\\/uploads\\\/2021\\\/07\\\/Amelia-Saiz-def.png?fit=538%2C365&ssl=1\",\"width\":538,\"height\":365,\"caption\":\"Amelia S\u00e1iz\"},{\"@type\":\"BreadcrumbList\",\"@id\":\"https:\\\/\\\/revistaidees.cat\\\/es\\\/autors\\\/amelia-saiz-lopez\\\/#breadcrumb\",\"itemListElement\":[{\"@type\":\"ListItem\",\"position\":1,\"name\":\"Inici\",\"item\":\"https:\\\/\\\/revistaidees.cat\\\/es\\\/\"},{\"@type\":\"ListItem\",\"position\":2,\"name\":\"Autors\",\"item\":\"https:\\\/\\\/revistaidees.cat\\\/autors\\\/\"},{\"@type\":\"ListItem\",\"position\":3,\"name\":\"Amelia S\u00e1iz L\u00f3pez\"}]},{\"@type\":\"WebSite\",\"@id\":\"https:\\\/\\\/revistaidees.cat\\\/#website\",\"url\":\"https:\\\/\\\/revistaidees.cat\\\/\",\"name\":\"IDEES\",\"description\":\"Revista de temas contempor\u00e1neos\",\"potentialAction\":[{\"@type\":\"SearchAction\",\"target\":{\"@type\":\"EntryPoint\",\"urlTemplate\":\"https:\\\/\\\/revistaidees.cat\\\/?s={search_term_string}\"},\"query-input\":{\"@type\":\"PropertyValueSpecification\",\"valueRequired\":true,\"valueName\":\"search_term_string\"}}],\"inLanguage\":\"es\"}]}<\/script>\n<!-- \/ Yoast SEO plugin. -->","yoast_head_json":{"title":"Amelia S\u00e1iz L\u00f3pez &#8211; IDEES","robots":{"index":"index","follow":"follow","max-snippet":"max-snippet:-1","max-image-preview":"max-image-preview:large","max-video-preview":"max-video-preview:-1"},"canonical":"https:\/\/revistaidees.cat\/es\/autors\/amelia-saiz-lopez\/","og_locale":"es_ES","og_type":"article","og_title":"Amelia S\u00e1iz L\u00f3pez &#8211; IDEES","og_description":"Amelia\u00a0S\u00e1iz\u00a0L\u00f3pez es profesora de Estudios de Asia Oriental en la Universidad Aut\u00f3noma de Barcelona, miembro del grupo de investigaci\u00f3n Inter-Asia y integrante del Centre d\u2019Estudis i Recerca d\u2019Asia Oriental (CERAO) de la misma universidad. Tiene una trayectoria de m\u00e1s de veinte a\u00f1os investigando la presencia china en Espa\u00f1a, prestando una especial atenci\u00f3n a las mujeres chinas, inter\u00e9s que conecta con su estudio de la sociedad china desde una perspectiva de g\u00e9nero. En los \u00faltimos a\u00f1os tambi\u00e9n ha investigado sobre las representaciones en la producci\u00f3n espa\u00f1ola en relaci\u00f3n con la presencia china. Autora de Utop\u00eda y g\u00e9nero: las mujeres chinas en\u2026","og_url":"https:\/\/revistaidees.cat\/es\/autors\/amelia-saiz-lopez\/","og_site_name":"IDEES","article_modified_time":"2021-07-24T09:45:16+00:00","og_image":[{"width":538,"height":365,"url":"https:\/\/i0.wp.com\/revistaidees.cat\/wp-content\/uploads\/2021\/07\/Amelia-Saiz-def.png?fit=538%2C365&ssl=1","type":"image\/png"}],"twitter_card":"summary_large_image","twitter_misc":{"Tiempo de lectura":"1 minuto"},"schema":{"@context":"https:\/\/schema.org","@graph":[{"@type":"WebPage","@id":"https:\/\/revistaidees.cat\/es\/autors\/amelia-saiz-lopez\/","url":"https:\/\/revistaidees.cat\/es\/autors\/amelia-saiz-lopez\/","name":"Amelia S\u00e1iz L\u00f3pez &#8211; IDEES","isPartOf":{"@id":"https:\/\/revistaidees.cat\/#website"},"primaryImageOfPage":{"@id":"https:\/\/revistaidees.cat\/es\/autors\/amelia-saiz-lopez\/#primaryimage"},"image":{"@id":"https:\/\/revistaidees.cat\/es\/autors\/amelia-saiz-lopez\/#primaryimage"},"thumbnailUrl":"https:\/\/i0.wp.com\/revistaidees.cat\/wp-content\/uploads\/2021\/07\/Amelia-Saiz-def.png?fit=538%2C365&ssl=1","datePublished":"2021-07-24T08:15:30+00:00","dateModified":"2021-07-24T09:45:16+00:00","breadcrumb":{"@id":"https:\/\/revistaidees.cat\/es\/autors\/amelia-saiz-lopez\/#breadcrumb"},"inLanguage":"es","potentialAction":[{"@type":"ReadAction","target":["https:\/\/revistaidees.cat\/es\/autors\/amelia-saiz-lopez\/"]}]},{"@type":"ImageObject","inLanguage":"es","@id":"https:\/\/revistaidees.cat\/es\/autors\/amelia-saiz-lopez\/#primaryimage","url":"https:\/\/i0.wp.com\/revistaidees.cat\/wp-content\/uploads\/2021\/07\/Amelia-Saiz-def.png?fit=538%2C365&ssl=1","contentUrl":"https:\/\/i0.wp.com\/revistaidees.cat\/wp-content\/uploads\/2021\/07\/Amelia-Saiz-def.png?fit=538%2C365&ssl=1","width":538,"height":365,"caption":"Amelia S\u00e1iz"},{"@type":"BreadcrumbList","@id":"https:\/\/revistaidees.cat\/es\/autors\/amelia-saiz-lopez\/#breadcrumb","itemListElement":[{"@type":"ListItem","position":1,"name":"Inici","item":"https:\/\/revistaidees.cat\/es\/"},{"@type":"ListItem","position":2,"name":"Autors","item":"https:\/\/revistaidees.cat\/autors\/"},{"@type":"ListItem","position":3,"name":"Amelia S\u00e1iz L\u00f3pez"}]},{"@type":"WebSite","@id":"https:\/\/revistaidees.cat\/#website","url":"https:\/\/revistaidees.cat\/","name":"IDEES","description":"Revista de temas contempor\u00e1neos","potentialAction":[{"@type":"SearchAction","target":{"@type":"EntryPoint","urlTemplate":"https:\/\/revistaidees.cat\/?s={search_term_string}"},"query-input":{"@type":"PropertyValueSpecification","valueRequired":true,"valueName":"search_term_string"}}],"inLanguage":"es"}]}},"jetpack_sharing_enabled":true,"_links":{"self":[{"href":"https:\/\/revistaidees.cat\/es\/wp-json\/wp\/v2\/autors\/45486","targetHints":{"allow":["GET"]}}],"collection":[{"href":"https:\/\/revistaidees.cat\/es\/wp-json\/wp\/v2\/autors"}],"about":[{"href":"https:\/\/revistaidees.cat\/es\/wp-json\/wp\/v2\/types\/autors"}],"version-history":[{"count":2,"href":"https:\/\/revistaidees.cat\/es\/wp-json\/wp\/v2\/autors\/45486\/revisions"}],"predecessor-version":[{"id":45489,"href":"https:\/\/revistaidees.cat\/es\/wp-json\/wp\/v2\/autors\/45486\/revisions\/45489"}],"wp:featuredmedia":[{"embeddable":true,"href":"https:\/\/revistaidees.cat\/es\/wp-json\/wp\/v2\/media\/45210"}],"wp:attachment":[{"href":"https:\/\/revistaidees.cat\/es\/wp-json\/wp\/v2\/media?parent=45486"}],"wp:term":[{"taxonomy":"category_autors","embeddable":true,"href":"https:\/\/revistaidees.cat\/es\/wp-json\/wp\/v2\/category_autors?post=45486"}],"curies":[{"name":"wp","href":"https:\/\/api.w.org\/{rel}","templated":true}]}}