{"id":78972,"date":"2025-01-23T14:45:44","date_gmt":"2025-01-23T12:45:44","guid":{"rendered":"https:\/\/revistaidees.cat\/autors\/berta-lopez-domenech\/"},"modified":"2025-02-05T11:50:32","modified_gmt":"2025-02-05T09:50:32","slug":"berta-lopez-domenech","status":"publish","type":"autors","link":"https:\/\/revistaidees.cat\/es\/autors\/berta-lopez-domenech\/","title":{"rendered":"Berta L\u00f3pez Dom\u00e8nech"},"content":{"rendered":"\n<p>Berta L\u00f3pez Dom\u00e8nech es analista pol\u00edtica especializada en los Balcanes occidentales y en la pol\u00edtica de ampliaci\u00f3n de la Uni\u00f3n Europea en el <em>think tank<\/em> European Policy Centre (EPC) de Bruselas. Actualmente, su trabajo se centra en cuestiones como el nexo entre los procesos de ampliaci\u00f3n y reforma de la Uni\u00f3n Europea, la actividad pol\u00edtica de los pa\u00edses de los Balcanes, el estado de la democracia y el autoritarismo en la regi\u00f3n, el papel de la sociedad civil, el di\u00e1logo entre Kosovo y Serbia o la influencia extranjera en los Balcanes. Graduada en Relaciones Internacionales por la Universidad Ramon Llull, tiene un master en Periodismo por la misma universidad. Antes de unirse al EPC, trabaj\u00f3 en el Post-Conflict Research Centre, en Sarajevo (Bosnia y Herzegovina), donde tambi\u00e9n ejerci\u00f3 de observadora electoral. Ha trabajado en el Comit\u00e9 Europeo de las Regiones, en la Conferencia de las Regiones Perif\u00e9ricas Mar\u00edtimas (CRPM) y en <em>El Peri\u00f3dico<\/em>.<\/p>\n","protected":false},"featured_media":0,"template":"","category_autors":[],"class_list":["post-78972","autors","type-autors","status-publish","hentry"],"acf":[],"yoast_head":"<!-- This site is optimized with the Yoast SEO plugin v27.4 - https:\/\/yoast.com\/product\/yoast-seo-wordpress\/ -->\n<title>Berta L\u00f3pez Dom\u00e8nech &#8211; IDEES<\/title>\n<meta name=\"robots\" content=\"index, follow, max-snippet:-1, max-image-preview:large, max-video-preview:-1\" \/>\n<link rel=\"canonical\" href=\"https:\/\/revistaidees.cat\/es\/autors\/berta-lopez-domenech\/\" \/>\n<meta property=\"og:locale\" content=\"es_ES\" \/>\n<meta property=\"og:type\" content=\"article\" \/>\n<meta property=\"og:title\" content=\"Berta L\u00f3pez Dom\u00e8nech &#8211; IDEES\" \/>\n<meta property=\"og:description\" content=\"Berta L\u00f3pez Dom\u00e8nech es analista pol\u00edtica especializada en los Balcanes occidentales y en la pol\u00edtica de ampliaci\u00f3n de la Uni\u00f3n Europea en el think tank European Policy Centre (EPC) de Bruselas. Actualmente, su trabajo se centra en cuestiones como el nexo entre los procesos de ampliaci\u00f3n y reforma de la Uni\u00f3n Europea, la actividad pol\u00edtica de los pa\u00edses de los Balcanes, el estado de la democracia y el autoritarismo en la regi\u00f3n, el papel de la sociedad civil, el di\u00e1logo entre Kosovo y Serbia o la influencia extranjera en los Balcanes. Graduada en Relaciones Internacionales por la Universidad Ramon Llull,\u2026\" \/>\n<meta property=\"og:url\" content=\"https:\/\/revistaidees.cat\/es\/autors\/berta-lopez-domenech\/\" \/>\n<meta property=\"og:site_name\" content=\"IDEES\" \/>\n<meta property=\"article:modified_time\" content=\"2025-02-05T09:50:32+00:00\" \/>\n<meta name=\"twitter:card\" content=\"summary_large_image\" \/>\n<meta name=\"twitter:label1\" content=\"Tiempo de lectura\" \/>\n\t<meta name=\"twitter:data1\" content=\"1 minuto\" \/>\n<script type=\"application\/ld+json\" class=\"yoast-schema-graph\">{\"@context\":\"https:\\\/\\\/schema.org\",\"@graph\":[{\"@type\":\"WebPage\",\"@id\":\"https:\\\/\\\/revistaidees.cat\\\/es\\\/autors\\\/berta-lopez-domenech\\\/\",\"url\":\"https:\\\/\\\/revistaidees.cat\\\/es\\\/autors\\\/berta-lopez-domenech\\\/\",\"name\":\"Berta L\u00f3pez Dom\u00e8nech &#8211; IDEES\",\"isPartOf\":{\"@id\":\"https:\\\/\\\/revistaidees.cat\\\/#website\"},\"datePublished\":\"2025-01-23T12:45:44+00:00\",\"dateModified\":\"2025-02-05T09:50:32+00:00\",\"breadcrumb\":{\"@id\":\"https:\\\/\\\/revistaidees.cat\\\/es\\\/autors\\\/berta-lopez-domenech\\\/#breadcrumb\"},\"inLanguage\":\"es\",\"potentialAction\":[{\"@type\":\"ReadAction\",\"target\":[\"https:\\\/\\\/revistaidees.cat\\\/es\\\/autors\\\/berta-lopez-domenech\\\/\"]}]},{\"@type\":\"BreadcrumbList\",\"@id\":\"https:\\\/\\\/revistaidees.cat\\\/es\\\/autors\\\/berta-lopez-domenech\\\/#breadcrumb\",\"itemListElement\":[{\"@type\":\"ListItem\",\"position\":1,\"name\":\"Inici\",\"item\":\"https:\\\/\\\/revistaidees.cat\\\/es\\\/\"},{\"@type\":\"ListItem\",\"position\":2,\"name\":\"Autors\",\"item\":\"https:\\\/\\\/revistaidees.cat\\\/autors\\\/\"},{\"@type\":\"ListItem\",\"position\":3,\"name\":\"Berta L\u00f3pez Dom\u00e8nech\"}]},{\"@type\":\"WebSite\",\"@id\":\"https:\\\/\\\/revistaidees.cat\\\/#website\",\"url\":\"https:\\\/\\\/revistaidees.cat\\\/\",\"name\":\"IDEES\",\"description\":\"Revista de temas contempor\u00e1neos\",\"potentialAction\":[{\"@type\":\"SearchAction\",\"target\":{\"@type\":\"EntryPoint\",\"urlTemplate\":\"https:\\\/\\\/revistaidees.cat\\\/?s={search_term_string}\"},\"query-input\":{\"@type\":\"PropertyValueSpecification\",\"valueRequired\":true,\"valueName\":\"search_term_string\"}}],\"inLanguage\":\"es\"}]}<\/script>\n<!-- \/ Yoast SEO plugin. -->","yoast_head_json":{"title":"Berta L\u00f3pez Dom\u00e8nech &#8211; IDEES","robots":{"index":"index","follow":"follow","max-snippet":"max-snippet:-1","max-image-preview":"max-image-preview:large","max-video-preview":"max-video-preview:-1"},"canonical":"https:\/\/revistaidees.cat\/es\/autors\/berta-lopez-domenech\/","og_locale":"es_ES","og_type":"article","og_title":"Berta L\u00f3pez Dom\u00e8nech &#8211; IDEES","og_description":"Berta L\u00f3pez Dom\u00e8nech es analista pol\u00edtica especializada en los Balcanes occidentales y en la pol\u00edtica de ampliaci\u00f3n de la Uni\u00f3n Europea en el think tank European Policy Centre (EPC) de Bruselas. Actualmente, su trabajo se centra en cuestiones como el nexo entre los procesos de ampliaci\u00f3n y reforma de la Uni\u00f3n Europea, la actividad pol\u00edtica de los pa\u00edses de los Balcanes, el estado de la democracia y el autoritarismo en la regi\u00f3n, el papel de la sociedad civil, el di\u00e1logo entre Kosovo y Serbia o la influencia extranjera en los Balcanes. Graduada en Relaciones Internacionales por la Universidad Ramon Llull,\u2026","og_url":"https:\/\/revistaidees.cat\/es\/autors\/berta-lopez-domenech\/","og_site_name":"IDEES","article_modified_time":"2025-02-05T09:50:32+00:00","twitter_card":"summary_large_image","twitter_misc":{"Tiempo de lectura":"1 minuto"},"schema":{"@context":"https:\/\/schema.org","@graph":[{"@type":"WebPage","@id":"https:\/\/revistaidees.cat\/es\/autors\/berta-lopez-domenech\/","url":"https:\/\/revistaidees.cat\/es\/autors\/berta-lopez-domenech\/","name":"Berta L\u00f3pez Dom\u00e8nech &#8211; IDEES","isPartOf":{"@id":"https:\/\/revistaidees.cat\/#website"},"datePublished":"2025-01-23T12:45:44+00:00","dateModified":"2025-02-05T09:50:32+00:00","breadcrumb":{"@id":"https:\/\/revistaidees.cat\/es\/autors\/berta-lopez-domenech\/#breadcrumb"},"inLanguage":"es","potentialAction":[{"@type":"ReadAction","target":["https:\/\/revistaidees.cat\/es\/autors\/berta-lopez-domenech\/"]}]},{"@type":"BreadcrumbList","@id":"https:\/\/revistaidees.cat\/es\/autors\/berta-lopez-domenech\/#breadcrumb","itemListElement":[{"@type":"ListItem","position":1,"name":"Inici","item":"https:\/\/revistaidees.cat\/es\/"},{"@type":"ListItem","position":2,"name":"Autors","item":"https:\/\/revistaidees.cat\/autors\/"},{"@type":"ListItem","position":3,"name":"Berta L\u00f3pez Dom\u00e8nech"}]},{"@type":"WebSite","@id":"https:\/\/revistaidees.cat\/#website","url":"https:\/\/revistaidees.cat\/","name":"IDEES","description":"Revista de temas contempor\u00e1neos","potentialAction":[{"@type":"SearchAction","target":{"@type":"EntryPoint","urlTemplate":"https:\/\/revistaidees.cat\/?s={search_term_string}"},"query-input":{"@type":"PropertyValueSpecification","valueRequired":true,"valueName":"search_term_string"}}],"inLanguage":"es"}]}},"jetpack_sharing_enabled":true,"_links":{"self":[{"href":"https:\/\/revistaidees.cat\/es\/wp-json\/wp\/v2\/autors\/78972","targetHints":{"allow":["GET"]}}],"collection":[{"href":"https:\/\/revistaidees.cat\/es\/wp-json\/wp\/v2\/autors"}],"about":[{"href":"https:\/\/revistaidees.cat\/es\/wp-json\/wp\/v2\/types\/autors"}],"version-history":[{"count":3,"href":"https:\/\/revistaidees.cat\/es\/wp-json\/wp\/v2\/autors\/78972\/revisions"}],"predecessor-version":[{"id":78983,"href":"https:\/\/revistaidees.cat\/es\/wp-json\/wp\/v2\/autors\/78972\/revisions\/78983"}],"wp:attachment":[{"href":"https:\/\/revistaidees.cat\/es\/wp-json\/wp\/v2\/media?parent=78972"}],"wp:term":[{"taxonomy":"category_autors","embeddable":true,"href":"https:\/\/revistaidees.cat\/es\/wp-json\/wp\/v2\/category_autors?post=78972"}],"curies":[{"name":"wp","href":"https:\/\/api.w.org\/{rel}","templated":true}]}}